{"id":53084,"date":"2024-11-14T17:43:41","date_gmt":"2024-11-14T16:43:41","guid":{"rendered":"https:\/\/www.chemin-neuf.ch\/?post_type=proposition&#038;p=53084"},"modified":"2025-06-29T17:50:05","modified_gmt":"2025-06-29T15:50:05","slug":"exerzitien-in-stille_jericho","status":"publish","type":"proposition","link":"https:\/\/www.chemin-neuf.ch\/de\/vorschlag\/exerzitien-in-stille_jericho\/","title":{"rendered":"Exerzitien in Stille"},"content":{"rendered":"\n<h2 class=\"wp-block-heading\"><i class=\"fas fa-list ccn-fa-icon\" aria-hidden=\"true\"> <\/i>PROGRAMM<\/h2>\n\n\n\n<h3 class=\"wp-block-heading has-orange-color has-text-color has-link-color has-large-font-size wp-elements-8af9e07f0f556d8a21ffe0c5548173e6\"><strong>Exerzitien komplett in Stille f\u00fcr 18 &#8211; 30 J\u00e4hrige, w\u00e4hrend andere&nbsp;<a href=\"https:\/\/www.chemin-neuf.ch\/de\/vorschlag\/jericho-einkehrwoche-fuer-18-30-jaehrige\/\" target=\"_blank\" rel=\"noreferrer noopener\">Jericho&nbsp;<\/a>erleben.<\/strong><\/h3>\n\n\n\n<p class=\"has-large-font-size\">Du hast die <a href=\"https:\/\/www.chemin-neuf.ch\/de\/vorschlag\/jericho-einkehrwoche-fuer-18-30-jaehrige\/\" target=\"_blank\" rel=\"noreferrer noopener\">Jericho-Woche<\/a> bereits erlebt oder erfahren, wie wohltuend Schweigen sein kann? Du m\u00f6chtest tiefer in die Stille eintauchen, um Gottes Wort in dir widerhallen zu lassen, Christus besser kennenzulernen und Gottes pers\u00f6nlichen Ruf f\u00fcr dich zu h\u00f6ren und darauf zu antworten? Dann ist eine Woche im Schweigen vielleicht das Passende f\u00fcr dich.<\/p>\n\n\n\n<p class=\"has-large-font-size\">Sowohl vormittags als auch nachmittags gibt es einen geistlichen Impuls und pers\u00f6nliche Gebetszeiten mit dem Wort Gottes. Au\u00dferdem feiern wir t\u00e4glich die Eucharistie, beten gemeinsam die Laudes und du hast t\u00e4glich ein pers\u00f6nliches Begleitungsgespr\u00e4ch. Die Abende werden wir meist in gro\u00dfer Gruppe mit den Teilnehmern der Jericho-Woche verbringen: z.B. mit Lobpreis, Zeugnissen, Komplet.<br><\/p>\n\n\n\n<h2 class=\"wp-block-heading\"><i class=\"fas fa-calendar-alt ccn-fa-icon\" aria-hidden=\"true\"> <\/i>DATEN<\/h2>\n\n\n\n<p class=\"has-normal-font-size\">von Sonntag, 28. Dezember 2025 um 17 Uhr bis Freitag, 2. Januar 2026 um 11 Uhr<\/p>\n\n\n\n<h2 class=\"wp-block-heading\"><i class=\"fas fa-piggy-bank ccn-fa-icon\" aria-hidden=\"true\"> <\/i>FINANZEN<\/h2>\n\n\n\n<p class=\"has-normal-font-size\">300 CHF.<\/p>\n\n\n\n<p class=\"has-normal-font-size\"><em><em><em>Der Preis sollte kein Hindernis sein, falls du Interesse an dieser Woche hast. Sprich uns im Falle der finanziellen Schwierigkeiten an<\/em><\/em><\/em>.<\/p>\n\n\n\n<h2 class=\"wp-block-heading\">ORT<\/h2>\n\n\n\n<p class=\"has-normal-font-size\">G\u00e4stehaus Kloster Bethanien<br>CH-6066 St. Niklausen (OW)<\/p>\n\n\n\n<p class=\"has-normal-font-size\" id=\"block-db26dda8-c007-4776-8c6e-7d41896d7099\">Das G\u00e4stehaus Kloster Bethanien liegt in St. Niklausen im Kanton Obwalden, auf 800m H\u00f6he, mit herrlicher Aussicht auf den Sarnersee und die Obwaldner Berge.<\/p>\n\n\n<div class=\"wp-block-image\">\n<figure class=\"aligncenter size-full\"><img loading=\"lazy\" decoding=\"async\" width=\"464\" height=\"321\" src=\"https:\/\/www.chemin-neuf.ch\/wp-content\/uploads\/2021\/02\/PlanBethanien-1.png\" alt=\"\" class=\"wp-image-1644\" srcset=\"https:\/\/www.chemin-neuf.ch\/wp-content\/uploads\/2021\/02\/PlanBethanien-1.png 464w, https:\/\/www.chemin-neuf.ch\/wp-content\/uploads\/2021\/02\/PlanBethanien-1-300x208.png 300w\" sizes=\"auto, (max-width: 464px) 100vw, 464px\" \/><\/figure>\n<\/div>\n\n\n<p class=\"has-normal-font-size\" id=\"block-1175f76a-18d9-4cbd-9503-813cb816b311\"><strong><br>Transport<\/strong>:<br>Mit dem Auto: Autobahn A8 bis Sarnen-Nord, weiter Richtung Kerns-Melchtal, in St. Niklausen beim Restaurant Alpenblick links abbiegen und die Ausschilderung Bethanien folgen.<\/p>\n\n\n\n<p class=\"has-normal-font-size\" id=\"block-1b584c65-5d80-4ff4-91dd-5f2a405e7f05\">Mit dem Zug: von Luzern nach Sarnen. Ab dort mit dem Postauto &#8222;Melchtal-St\u00f6ckalp&#8220; bis St. Niklausen, Haltestelle &#8222;alte Post&#8220;. Von da f\u00fchrt ein kleiner Weg in 5 Minuten zu Fuss zum G\u00e4stehaus Bethanien.<\/p>\n\n\n\n<div class=\"wp-block-buttons is-horizontal is-content-justification-center is-layout-flex wp-container-core-buttons-is-layout-499968f5 wp-block-buttons-is-layout-flex\">\n<div class=\"wp-block-button is-style-fill\"><a class=\"wp-block-button__link has-orange-background-color has-background no-border-radius wp-element-button\" href=\"https:\/\/www.haus-bethanien.ch\/de\/startseite\" target=\"_blank\" rel=\"noreferrer noopener\">Das G\u00e4sfehaus Kloster Bethanien kennenlernen (hier die website)<\/a><\/div>\n\n\n\n<div class=\"wp-block-button\"><a class=\"wp-block-button__link has-orange-background-color has-background no-border-radius wp-element-button\" href=\"https:\/\/www.google.com\/maps\/place\/Bethanienstrasse+3,+6066+Kerns\/@46.8798651,8.2110962,12z\/data=!4m5!3m4!1s0x478ff39ea5bb5d71:0xf7e483c2a32b3a50!8m2!3d46.8798651!4d8.281134\" target=\"_blank\" rel=\"noreferrer noopener\">Anfahrtsplan<\/a><\/div>\n<\/div>\n\n\n\n<p><\/p>\n","protected":false},"excerpt":{"rendered":"<p>Du hast die Jericho-Woche bereits erlebt oder erfahren, wie wohltuend Schweigen sein kann?<\/p>\n","protected":false},"featured_media":35426,"menu_order":0,"template":"","meta":{"_acf_changed":false,"footnotes":""},"prop-category":[25],"prop-duration":[],"class_list":["post-53084","proposition","type-proposition","status-publish","has-post-thumbnail","hentry","prop-category-junge-erwachsene"],"acf":[],"yoast_head":"<!-- This site is optimized with the Yoast SEO plugin v27.5 - https:\/\/yoast.com\/product\/yoast-seo-wordpress\/ -->\n<title>Exerzitien in Stille - Chemin Neuf Suisse<\/title>\n<meta name=\"description\" content=\"Du hast die Jericho-Woche bereits erlebt oder erfahren, wie wohltuend Schweigen sein kann?\" \/>\n<meta name=\"robots\" content=\"index, follow, max-snippet:-1, max-image-preview:large, max-video-preview:-1\" \/>\n<link rel=\"canonical\" href=\"https:\/\/www.chemin-neuf.ch\/de\/vorschlag\/exerzitien-in-stille_jericho\/\" \/>\n<meta property=\"og:locale\" content=\"de_DE\" \/>\n<meta property=\"og:type\" content=\"article\" \/>\n<meta property=\"og:title\" content=\"Exerzitien in Stille - Chemin Neuf Suisse\" \/>\n<meta property=\"og:description\" content=\"Du hast die Jericho-Woche bereits erlebt oder erfahren, wie wohltuend Schweigen sein kann?\" \/>\n<meta property=\"og:url\" content=\"https:\/\/www.chemin-neuf.ch\/de\/vorschlag\/exerzitien-in-stille_jericho\/\" \/>\n<meta property=\"og:site_name\" content=\"Chemin Neuf Suisse\" \/>\n<meta property=\"article:modified_time\" content=\"2025-06-29T15:50:05+00:00\" \/>\n<meta property=\"og:image\" content=\"https:\/\/www.chemin-neuf.ch\/wp-content\/uploads\/2023\/10\/MiniExerzitien.jpg\" \/>\n\t<meta property=\"og:image:width\" content=\"1246\" \/>\n\t<meta property=\"og:image:height\" content=\"658\" \/>\n\t<meta property=\"og:image:type\" content=\"image\/jpeg\" \/>\n<meta name=\"twitter:card\" content=\"summary_large_image\" \/>\n<meta name=\"twitter:label1\" content=\"Gesch\u00e4tzte Lesezeit\" \/>\n\t<meta name=\"twitter:data1\" content=\"2\u00a0Minuten\" \/>\n<script type=\"application\/ld+json\" class=\"yoast-schema-graph\">{\"@context\":\"https:\\\/\\\/schema.org\",\"@graph\":[{\"@type\":\"WebPage\",\"@id\":\"https:\\\/\\\/www.chemin-neuf.ch\\\/de\\\/vorschlag\\\/exerzitien-in-stille_jericho\\\/\",\"url\":\"https:\\\/\\\/www.chemin-neuf.ch\\\/de\\\/vorschlag\\\/exerzitien-in-stille_jericho\\\/\",\"name\":\"Exerzitien in Stille - Chemin Neuf Suisse\",\"isPartOf\":{\"@id\":\"https:\\\/\\\/www.chemin-neuf.ch\\\/de\\\/#website\"},\"primaryImageOfPage\":{\"@id\":\"https:\\\/\\\/www.chemin-neuf.ch\\\/de\\\/vorschlag\\\/exerzitien-in-stille_jericho\\\/#primaryimage\"},\"image\":{\"@id\":\"https:\\\/\\\/www.chemin-neuf.ch\\\/de\\\/vorschlag\\\/exerzitien-in-stille_jericho\\\/#primaryimage\"},\"thumbnailUrl\":\"https:\\\/\\\/www.chemin-neuf.ch\\\/wp-content\\\/uploads\\\/2023\\\/10\\\/MiniExerzitien.jpg\",\"datePublished\":\"2024-11-14T16:43:41+00:00\",\"dateModified\":\"2025-06-29T15:50:05+00:00\",\"description\":\"Du hast die Jericho-Woche bereits erlebt oder erfahren, wie wohltuend Schweigen sein kann?\",\"breadcrumb\":{\"@id\":\"https:\\\/\\\/www.chemin-neuf.ch\\\/de\\\/vorschlag\\\/exerzitien-in-stille_jericho\\\/#breadcrumb\"},\"inLanguage\":\"de\",\"potentialAction\":[{\"@type\":\"ReadAction\",\"target\":[\"https:\\\/\\\/www.chemin-neuf.ch\\\/de\\\/vorschlag\\\/exerzitien-in-stille_jericho\\\/\"]}]},{\"@type\":\"ImageObject\",\"inLanguage\":\"de\",\"@id\":\"https:\\\/\\\/www.chemin-neuf.ch\\\/de\\\/vorschlag\\\/exerzitien-in-stille_jericho\\\/#primaryimage\",\"url\":\"https:\\\/\\\/www.chemin-neuf.ch\\\/wp-content\\\/uploads\\\/2023\\\/10\\\/MiniExerzitien.jpg\",\"contentUrl\":\"https:\\\/\\\/www.chemin-neuf.ch\\\/wp-content\\\/uploads\\\/2023\\\/10\\\/MiniExerzitien.jpg\",\"width\":1246,\"height\":658},{\"@type\":\"BreadcrumbList\",\"@id\":\"https:\\\/\\\/www.chemin-neuf.ch\\\/de\\\/vorschlag\\\/exerzitien-in-stille_jericho\\\/#breadcrumb\",\"itemListElement\":[{\"@type\":\"ListItem\",\"position\":1,\"name\":\"Home\",\"item\":\"https:\\\/\\\/www.chemin-neuf.ch\\\/de\\\/\"},{\"@type\":\"ListItem\",\"position\":2,\"name\":\"Vorschl\u00e4ge\",\"item\":\"https:\\\/\\\/www.chemin-neuf.ch\\\/de\\\/vorschlag\\\/\"},{\"@type\":\"ListItem\",\"position\":3,\"name\":\"Exerzitien in Stille\"}]},{\"@type\":\"WebSite\",\"@id\":\"https:\\\/\\\/www.chemin-neuf.ch\\\/de\\\/#website\",\"url\":\"https:\\\/\\\/www.chemin-neuf.ch\\\/de\\\/\",\"name\":\"Chemin Neuf Suisse\",\"description\":\"La Communaut\u00e9 du Chemin Neuf en Suisse\",\"potentialAction\":[{\"@type\":\"SearchAction\",\"target\":{\"@type\":\"EntryPoint\",\"urlTemplate\":\"https:\\\/\\\/www.chemin-neuf.ch\\\/de\\\/?s={search_term_string}\"},\"query-input\":{\"@type\":\"PropertyValueSpecification\",\"valueRequired\":true,\"valueName\":\"search_term_string\"}}],\"inLanguage\":\"de\"}]}<\/script>\n<!-- \/ Yoast SEO plugin. -->","yoast_head_json":{"title":"Exerzitien in Stille - Chemin Neuf Suisse","description":"Du hast die Jericho-Woche bereits erlebt oder erfahren, wie wohltuend Schweigen sein kann?","robots":{"index":"index","follow":"follow","max-snippet":"max-snippet:-1","max-image-preview":"max-image-preview:large","max-video-preview":"max-video-preview:-1"},"canonical":"https:\/\/www.chemin-neuf.ch\/de\/vorschlag\/exerzitien-in-stille_jericho\/","og_locale":"de_DE","og_type":"article","og_title":"Exerzitien in Stille - Chemin Neuf Suisse","og_description":"Du hast die Jericho-Woche bereits erlebt oder erfahren, wie wohltuend Schweigen sein kann?","og_url":"https:\/\/www.chemin-neuf.ch\/de\/vorschlag\/exerzitien-in-stille_jericho\/","og_site_name":"Chemin Neuf Suisse","article_modified_time":"2025-06-29T15:50:05+00:00","og_image":[{"width":1246,"height":658,"url":"https:\/\/www.chemin-neuf.ch\/wp-content\/uploads\/2023\/10\/MiniExerzitien.jpg","type":"image\/jpeg"}],"twitter_card":"summary_large_image","twitter_misc":{"Gesch\u00e4tzte Lesezeit":"2\u00a0Minuten"},"schema":{"@context":"https:\/\/schema.org","@graph":[{"@type":"WebPage","@id":"https:\/\/www.chemin-neuf.ch\/de\/vorschlag\/exerzitien-in-stille_jericho\/","url":"https:\/\/www.chemin-neuf.ch\/de\/vorschlag\/exerzitien-in-stille_jericho\/","name":"Exerzitien in Stille - Chemin Neuf Suisse","isPartOf":{"@id":"https:\/\/www.chemin-neuf.ch\/de\/#website"},"primaryImageOfPage":{"@id":"https:\/\/www.chemin-neuf.ch\/de\/vorschlag\/exerzitien-in-stille_jericho\/#primaryimage"},"image":{"@id":"https:\/\/www.chemin-neuf.ch\/de\/vorschlag\/exerzitien-in-stille_jericho\/#primaryimage"},"thumbnailUrl":"https:\/\/www.chemin-neuf.ch\/wp-content\/uploads\/2023\/10\/MiniExerzitien.jpg","datePublished":"2024-11-14T16:43:41+00:00","dateModified":"2025-06-29T15:50:05+00:00","description":"Du hast die Jericho-Woche bereits erlebt oder erfahren, wie wohltuend Schweigen sein kann?","breadcrumb":{"@id":"https:\/\/www.chemin-neuf.ch\/de\/vorschlag\/exerzitien-in-stille_jericho\/#breadcrumb"},"inLanguage":"de","potentialAction":[{"@type":"ReadAction","target":["https:\/\/www.chemin-neuf.ch\/de\/vorschlag\/exerzitien-in-stille_jericho\/"]}]},{"@type":"ImageObject","inLanguage":"de","@id":"https:\/\/www.chemin-neuf.ch\/de\/vorschlag\/exerzitien-in-stille_jericho\/#primaryimage","url":"https:\/\/www.chemin-neuf.ch\/wp-content\/uploads\/2023\/10\/MiniExerzitien.jpg","contentUrl":"https:\/\/www.chemin-neuf.ch\/wp-content\/uploads\/2023\/10\/MiniExerzitien.jpg","width":1246,"height":658},{"@type":"BreadcrumbList","@id":"https:\/\/www.chemin-neuf.ch\/de\/vorschlag\/exerzitien-in-stille_jericho\/#breadcrumb","itemListElement":[{"@type":"ListItem","position":1,"name":"Home","item":"https:\/\/www.chemin-neuf.ch\/de\/"},{"@type":"ListItem","position":2,"name":"Vorschl\u00e4ge","item":"https:\/\/www.chemin-neuf.ch\/de\/vorschlag\/"},{"@type":"ListItem","position":3,"name":"Exerzitien in Stille"}]},{"@type":"WebSite","@id":"https:\/\/www.chemin-neuf.ch\/de\/#website","url":"https:\/\/www.chemin-neuf.ch\/de\/","name":"Chemin Neuf Suisse","description":"La Communaut\u00e9 du Chemin Neuf en Suisse","potentialAction":[{"@type":"SearchAction","target":{"@type":"EntryPoint","urlTemplate":"https:\/\/www.chemin-neuf.ch\/de\/?s={search_term_string}"},"query-input":{"@type":"PropertyValueSpecification","valueRequired":true,"valueName":"search_term_string"}}],"inLanguage":"de"}]}},"_links":{"self":[{"href":"https:\/\/www.chemin-neuf.ch\/de\/wp-json\/wp\/v2\/proposition\/53084","targetHints":{"allow":["GET"]}}],"collection":[{"href":"https:\/\/www.chemin-neuf.ch\/de\/wp-json\/wp\/v2\/proposition"}],"about":[{"href":"https:\/\/www.chemin-neuf.ch\/de\/wp-json\/wp\/v2\/types\/proposition"}],"version-history":[{"count":7,"href":"https:\/\/www.chemin-neuf.ch\/de\/wp-json\/wp\/v2\/proposition\/53084\/revisions"}],"predecessor-version":[{"id":56312,"href":"https:\/\/www.chemin-neuf.ch\/de\/wp-json\/wp\/v2\/proposition\/53084\/revisions\/56312"}],"wp:featuredmedia":[{"embeddable":true,"href":"https:\/\/www.chemin-neuf.ch\/de\/wp-json\/wp\/v2\/media\/35426"}],"wp:attachment":[{"href":"https:\/\/www.chemin-neuf.ch\/de\/wp-json\/wp\/v2\/media?parent=53084"}],"wp:term":[{"taxonomy":"prop-category","embeddable":true,"href":"https:\/\/www.chemin-neuf.ch\/de\/wp-json\/wp\/v2\/prop-category?post=53084"},{"taxonomy":"prop-duration","embeddable":true,"href":"https:\/\/www.chemin-neuf.ch\/de\/wp-json\/wp\/v2\/prop-duration?post=53084"}],"curies":[{"name":"wp","href":"https:\/\/api.w.org\/{rel}","templated":true}]}}