{"id":52431,"date":"2024-10-10T15:12:46","date_gmt":"2024-10-10T13:12:46","guid":{"rendered":"https:\/\/www.chemin-neuf.ch\/?post_type=proposition&#038;p=52431"},"modified":"2025-11-27T16:29:56","modified_gmt":"2025-11-27T15:29:56","slug":"ignatianische-exerzitien-oktober-2026","status":"publish","type":"proposition","link":"https:\/\/www.chemin-neuf.ch\/de\/vorschlag\/ignatianische-exerzitien-oktober-2026\/","title":{"rendered":"Ignatianische Exerzitien Oktober 2026"},"content":{"rendered":"\n<h2 class=\"wp-block-heading\"><i class=\"fas fa-list ccn-fa-icon\" aria-hidden=\"true\"> <\/i>PROGRAMM<\/h2>\n\n\n\n<p class=\"has-normal-font-size\"><strong><strong>nach den geistlichen \u00dcbungen des heiligen Ignatius von Loyola<\/strong><\/strong><\/p>\n\n\n\n<p class=\"has-normal-font-size\"><em><em>&#8222;Ich bin gekommen, damit sie das Leben in F\u00fclle haben.&#8220;&nbsp;Johannes 10,10<\/em><\/em><\/p>\n\n\n\n<p class=\"has-normal-font-size\"><strong>Eine Woche in Stille:<\/strong><\/p>\n\n\n\n<ul class=\"wp-block-list has-normal-font-size\">\n<li>Um sich unter den liebenden Blick Gottes zu stellen.<\/li>\n\n\n\n<li>Um im Betrachten der Bibel Christus von Innen besser kennen zu lernen, um ihn im t\u00e4glichen Leben mehr zu lieben und ihm besser zu dienen.<\/li>\n\n\n\n<li>Um auf den Ruf Gottes zu h\u00f6ren und ihm zu antworten.<\/li>\n<\/ul>\n\n\n\n<p class=\"has-normal-font-size\"><strong>Die einzelnen Tage sind strukturiert durch:<\/strong><\/p>\n\n\n\n<ul class=\"wp-block-list has-normal-font-size\">\n<li>Zeiten mit Vortr\u00e4gen<\/li>\n\n\n\n<li>Zeiten des pers\u00f6nlichen Gebetes im H\u00f6ren auf Gottes Wort<\/li>\n\n\n\n<li>Zeiten des gemeinsamen Betens<\/li>\n\n\n\n<li>T\u00e4glich ein pers\u00f6nliches Begleitgespr\u00e4ch.<\/li>\n<\/ul>\n\n\n\n<p class=\"has-normal-font-size\">Die Vortr\u00e4ge werden in deutscher und franz\u00f6sischer Sprache gehalten mit \u00dcbersetzung. Die Begleitgespr\u00e4che finden in Ihrer Muttersprache statt.<\/p>\n\n\n\n<p class=\"has-normal-font-size\">Die Exerzitien werden von einem Team der Gemeinschaft Chemin Neuf geleitet.<\/p>\n\n\n\n<h2 class=\"wp-block-heading\"><i class=\"fas fa-calendar-alt ccn-fa-icon\" aria-hidden=\"true\"> <\/i>DATEN<\/h2>\n\n\n\n<p class=\"has-normal-font-size\">von Samstag, 17. Oktober 2026 um 17 Uhr bis Samstag, 24. Oktober 2026 um 11 Uhr<\/p>\n\n\n\n<h2 class=\"wp-block-heading\"><i class=\"fas fa-piggy-bank ccn-fa-icon\" aria-hidden=\"true\"> <\/i>FINANZEN<\/h2>\n\n\n\n<p class=\"has-normal-font-size\">650 bis 850 CHF f\u00fcr die ganze Woche (Kost, Logis, Kursteilnahme inbegriffen).<\/p>\n\n\n\n<p class=\"has-normal-font-size\"><em>Die Preisspanne soll jedem erm\u00f6glichen, das zu geben, was er kann.&nbsp;<em>Geld soll kein Hinderungsgrund sein<\/em>.<\/em><\/p>\n\n\n\n<h2 class=\"wp-block-heading\">INFO<\/h2>\n\n\n\n<h5 class=\"wp-block-heading\">DIES IST EINE VORANMELDUNG, IHRE ENDG\u00dcLTIGE ANMELDUNG WIRD BEST\u00c4TIGT, SOBALD WIR IHR MOTIVATIONSSCHREIBEN ERHALTEN HABEN.<\/h5>\n\n\n\n<h3 class=\"wp-block-heading\"><strong>ORT :<\/strong><\/h3>\n\n\n\n<p class=\"has-normal-font-size\">G\u00e4stehaus Kloster Bethanien<br>CH-6066 St. Niklausen (OW)<\/p>\n\n\n\n<p class=\"has-normal-font-size\" id=\"block-db26dda8-c007-4776-8c6e-7d41896d7099\">Das G\u00e4stehaus Kloster Bethanien liegt in St. Niklausen im Kanton Obwalden, auf 800m H\u00f6he, mit herrlicher Aussicht auf den Sarnersee und die Obwaldner Berge.<\/p>\n\n\n<div class=\"wp-block-image\">\n<figure class=\"aligncenter size-full\"><img loading=\"lazy\" decoding=\"async\" width=\"464\" height=\"321\" src=\"https:\/\/www.chemin-neuf.ch\/wp-content\/uploads\/2021\/02\/PlanBethanien-1.png\" alt=\"\" class=\"wp-image-1644\" srcset=\"https:\/\/www.chemin-neuf.ch\/wp-content\/uploads\/2021\/02\/PlanBethanien-1.png 464w, https:\/\/www.chemin-neuf.ch\/wp-content\/uploads\/2021\/02\/PlanBethanien-1-300x208.png 300w\" sizes=\"auto, (max-width: 464px) 100vw, 464px\" \/><\/figure>\n<\/div>\n\n\n<p class=\"has-normal-font-size\" id=\"block-1175f76a-18d9-4cbd-9503-813cb816b311\"><strong><br>Transport<\/strong>:<br>Mit dem Auto: Autobahn A8 bis Sarnen-Nord, weiter Richtung Kerns-Melchtal, in St. Niklausen beim Restaurant Alpenblick links abbiegen und die Ausschilderung Bethanien folgen.<\/p>\n\n\n\n<p class=\"has-normal-font-size\" id=\"block-1b584c65-5d80-4ff4-91dd-5f2a405e7f05\">Mit dem Zug: von Luzern nach Sarnen. Ab dort mit dem Postauto &#8222;Melchtal-St\u00f6ckalp&#8220; bis St. Niklausen, Haltestelle &#8222;alte Post&#8220;. Von da f\u00fchrt ein kleiner Weg in 5 Minuten zu Fuss zum G\u00e4stehaus Bethanien.<\/p>\n\n\n\n<div class=\"wp-block-buttons is-horizontal is-content-justification-center is-layout-flex wp-container-core-buttons-is-layout-499968f5 wp-block-buttons-is-layout-flex\">\n<div class=\"wp-block-button is-style-fill\"><a class=\"wp-block-button__link has-orange-background-color has-background no-border-radius wp-element-button\" href=\"https:\/\/www.haus-bethanien.ch\/de\/startseite\" target=\"_blank\" rel=\"noreferrer noopener\">Das G\u00e4stehaus Kloster Bethanien kennenlernen (hier die website)<\/a><\/div>\n\n\n\n<div class=\"wp-block-button\"><a class=\"wp-block-button__link has-orange-background-color has-background no-border-radius wp-element-button\" href=\"https:\/\/www.google.com\/maps\/place\/Bethanienstrasse+3,+6066+Kerns\/@46.8798651,8.2110962,12z\/data=!4m5!3m4!1s0x478ff39ea5bb5d71:0xf7e483c2a32b3a50!8m2!3d46.8798651!4d8.281134\" target=\"_blank\" rel=\"noreferrer noopener\">Anfahrtsplan<\/a><\/div>\n<\/div>\n\n\n\n<div><div class=\"ootb-openstreetmap--map\" data-provider=\"openstreetmap\" data-shapestyle=\"%7B%7D\" data-markers=\"%5B%7B%22lat%22%3A%2246.8801759%22%2C%22lng%22%3A%228.2812781%22%2C%22text%22%3A%22%3Cp%3E%3Cstrong%3EHaus%20Bethanien%3C%2Fstrong%3E%3C%2Fp%3E%3Cp%3EBethanienstrasse%203%2C%206066%20Kerns%2C%20Suisse%3C%2Fp%3E%3Cp%3E%3Cimg%20class%3D%5C%22wp-image-1090%5C%22%20style%3D%5C%22width%3A%20150px%3B%5C%22%20src%3D%5C%22https%3A%2F%2Fwww.chemin-neuf.ch%2Fwp-content%2Fuploads%2F2021%2F02%2FCommunaute-Suisse.jpg%5C%22%20alt%3D%5C%22%5C%22%3E%3C%2Fp%3E%22%7D%5D\" data-bounds=\"[46.8801759,8.2812781]\" data-zoom=\"8\" data-minzoom=\"2\" data-maxzoom=\"18\" data-dragging=\"true\" data-touchzoom=\"true\" data-doubleclickzoom=\"true\" data-scrollwheelzoom=\"true\" data-marker=\"%7B%22iconUrl%22%3A%22https%3A%2F%2Fwww.chemin-neuf.ch%2Fwp-content%2Fplugins%2Footb-openstreetmap%2Fassets%2Fvendor%2Fleaflet%2Fimages%2Fmarker-icon.png%22%2C%22iconAnchor%22%3A%5B12%2C41%5D%2C%22popupAnchor%22%3A%5B0%2C-41%5D%7D\" style=\"height:400px\"><\/div><\/div>\n","protected":false},"excerpt":{"rendered":"<p>den Ruf Gottes h\u00f6ren<\/p>\n","protected":false},"featured_media":4086,"menu_order":0,"template":"","meta":{"_acf_changed":false,"footnotes":""},"prop-category":[31],"prop-duration":[],"class_list":["post-52431","proposition","type-proposition","status-publish","has-post-thumbnail","hentry","prop-category-exerzitien"],"acf":[],"yoast_head":"<!-- This site is optimized with the Yoast SEO plugin v27.5 - https:\/\/yoast.com\/product\/yoast-seo-wordpress\/ -->\n<title>Ignatianische Exerzitien Oktober 2026 - Chemin Neuf Suisse<\/title>\n<meta name=\"description\" content=\"den Ruf Gottes h\u00f6ren\" \/>\n<meta name=\"robots\" content=\"index, follow, max-snippet:-1, max-image-preview:large, max-video-preview:-1\" \/>\n<link rel=\"canonical\" href=\"https:\/\/www.chemin-neuf.ch\/de\/vorschlag\/ignatianische-exerzitien-oktober-2026\/\" \/>\n<meta property=\"og:locale\" content=\"de_DE\" \/>\n<meta property=\"og:type\" content=\"article\" \/>\n<meta property=\"og:title\" content=\"Ignatianische Exerzitien Oktober 2026 - Chemin Neuf Suisse\" \/>\n<meta property=\"og:description\" content=\"den Ruf Gottes h\u00f6ren\" \/>\n<meta property=\"og:url\" content=\"https:\/\/www.chemin-neuf.ch\/de\/vorschlag\/ignatianische-exerzitien-oktober-2026\/\" \/>\n<meta property=\"og:site_name\" content=\"Chemin Neuf Suisse\" \/>\n<meta property=\"article:modified_time\" content=\"2025-11-27T15:29:56+00:00\" \/>\n<meta property=\"og:image\" content=\"https:\/\/www.chemin-neuf.ch\/wp-content\/uploads\/2021\/02\/EXERZITIEN.jpg\" \/>\n\t<meta property=\"og:image:width\" content=\"1600\" \/>\n\t<meta property=\"og:image:height\" content=\"800\" \/>\n\t<meta property=\"og:image:type\" content=\"image\/jpeg\" \/>\n<meta name=\"twitter:card\" content=\"summary_large_image\" \/>\n<meta name=\"twitter:label1\" content=\"Gesch\u00e4tzte Lesezeit\" \/>\n\t<meta name=\"twitter:data1\" content=\"2\u00a0Minuten\" \/>\n<script type=\"application\/ld+json\" class=\"yoast-schema-graph\">{\"@context\":\"https:\\\/\\\/schema.org\",\"@graph\":[{\"@type\":\"WebPage\",\"@id\":\"https:\\\/\\\/www.chemin-neuf.ch\\\/de\\\/vorschlag\\\/ignatianische-exerzitien-oktober-2026\\\/\",\"url\":\"https:\\\/\\\/www.chemin-neuf.ch\\\/de\\\/vorschlag\\\/ignatianische-exerzitien-oktober-2026\\\/\",\"name\":\"Ignatianische Exerzitien Oktober 2026 - Chemin Neuf Suisse\",\"isPartOf\":{\"@id\":\"https:\\\/\\\/www.chemin-neuf.ch\\\/de\\\/#website\"},\"primaryImageOfPage\":{\"@id\":\"https:\\\/\\\/www.chemin-neuf.ch\\\/de\\\/vorschlag\\\/ignatianische-exerzitien-oktober-2026\\\/#primaryimage\"},\"image\":{\"@id\":\"https:\\\/\\\/www.chemin-neuf.ch\\\/de\\\/vorschlag\\\/ignatianische-exerzitien-oktober-2026\\\/#primaryimage\"},\"thumbnailUrl\":\"https:\\\/\\\/www.chemin-neuf.ch\\\/wp-content\\\/uploads\\\/2021\\\/02\\\/EXERZITIEN.jpg\",\"datePublished\":\"2024-10-10T13:12:46+00:00\",\"dateModified\":\"2025-11-27T15:29:56+00:00\",\"description\":\"den Ruf Gottes h\u00f6ren\",\"breadcrumb\":{\"@id\":\"https:\\\/\\\/www.chemin-neuf.ch\\\/de\\\/vorschlag\\\/ignatianische-exerzitien-oktober-2026\\\/#breadcrumb\"},\"inLanguage\":\"de\",\"potentialAction\":[{\"@type\":\"ReadAction\",\"target\":[\"https:\\\/\\\/www.chemin-neuf.ch\\\/de\\\/vorschlag\\\/ignatianische-exerzitien-oktober-2026\\\/\"]}]},{\"@type\":\"ImageObject\",\"inLanguage\":\"de\",\"@id\":\"https:\\\/\\\/www.chemin-neuf.ch\\\/de\\\/vorschlag\\\/ignatianische-exerzitien-oktober-2026\\\/#primaryimage\",\"url\":\"https:\\\/\\\/www.chemin-neuf.ch\\\/wp-content\\\/uploads\\\/2021\\\/02\\\/EXERZITIEN.jpg\",\"contentUrl\":\"https:\\\/\\\/www.chemin-neuf.ch\\\/wp-content\\\/uploads\\\/2021\\\/02\\\/EXERZITIEN.jpg\",\"width\":1600,\"height\":800},{\"@type\":\"BreadcrumbList\",\"@id\":\"https:\\\/\\\/www.chemin-neuf.ch\\\/de\\\/vorschlag\\\/ignatianische-exerzitien-oktober-2026\\\/#breadcrumb\",\"itemListElement\":[{\"@type\":\"ListItem\",\"position\":1,\"name\":\"Home\",\"item\":\"https:\\\/\\\/www.chemin-neuf.ch\\\/de\\\/\"},{\"@type\":\"ListItem\",\"position\":2,\"name\":\"Vorschl\u00e4ge\",\"item\":\"https:\\\/\\\/www.chemin-neuf.ch\\\/de\\\/vorschlag\\\/\"},{\"@type\":\"ListItem\",\"position\":3,\"name\":\"Ignatianische Exerzitien Oktober 2026\"}]},{\"@type\":\"WebSite\",\"@id\":\"https:\\\/\\\/www.chemin-neuf.ch\\\/de\\\/#website\",\"url\":\"https:\\\/\\\/www.chemin-neuf.ch\\\/de\\\/\",\"name\":\"Chemin Neuf Suisse\",\"description\":\"La Communaut\u00e9 du Chemin Neuf en Suisse\",\"potentialAction\":[{\"@type\":\"SearchAction\",\"target\":{\"@type\":\"EntryPoint\",\"urlTemplate\":\"https:\\\/\\\/www.chemin-neuf.ch\\\/de\\\/?s={search_term_string}\"},\"query-input\":{\"@type\":\"PropertyValueSpecification\",\"valueRequired\":true,\"valueName\":\"search_term_string\"}}],\"inLanguage\":\"de\"}]}<\/script>\n<!-- \/ Yoast SEO plugin. -->","yoast_head_json":{"title":"Ignatianische Exerzitien Oktober 2026 - Chemin Neuf Suisse","description":"den Ruf Gottes h\u00f6ren","robots":{"index":"index","follow":"follow","max-snippet":"max-snippet:-1","max-image-preview":"max-image-preview:large","max-video-preview":"max-video-preview:-1"},"canonical":"https:\/\/www.chemin-neuf.ch\/de\/vorschlag\/ignatianische-exerzitien-oktober-2026\/","og_locale":"de_DE","og_type":"article","og_title":"Ignatianische Exerzitien Oktober 2026 - Chemin Neuf Suisse","og_description":"den Ruf Gottes h\u00f6ren","og_url":"https:\/\/www.chemin-neuf.ch\/de\/vorschlag\/ignatianische-exerzitien-oktober-2026\/","og_site_name":"Chemin Neuf Suisse","article_modified_time":"2025-11-27T15:29:56+00:00","og_image":[{"width":1600,"height":800,"url":"https:\/\/www.chemin-neuf.ch\/wp-content\/uploads\/2021\/02\/EXERZITIEN.jpg","type":"image\/jpeg"}],"twitter_card":"summary_large_image","twitter_misc":{"Gesch\u00e4tzte Lesezeit":"2\u00a0Minuten"},"schema":{"@context":"https:\/\/schema.org","@graph":[{"@type":"WebPage","@id":"https:\/\/www.chemin-neuf.ch\/de\/vorschlag\/ignatianische-exerzitien-oktober-2026\/","url":"https:\/\/www.chemin-neuf.ch\/de\/vorschlag\/ignatianische-exerzitien-oktober-2026\/","name":"Ignatianische Exerzitien Oktober 2026 - Chemin Neuf Suisse","isPartOf":{"@id":"https:\/\/www.chemin-neuf.ch\/de\/#website"},"primaryImageOfPage":{"@id":"https:\/\/www.chemin-neuf.ch\/de\/vorschlag\/ignatianische-exerzitien-oktober-2026\/#primaryimage"},"image":{"@id":"https:\/\/www.chemin-neuf.ch\/de\/vorschlag\/ignatianische-exerzitien-oktober-2026\/#primaryimage"},"thumbnailUrl":"https:\/\/www.chemin-neuf.ch\/wp-content\/uploads\/2021\/02\/EXERZITIEN.jpg","datePublished":"2024-10-10T13:12:46+00:00","dateModified":"2025-11-27T15:29:56+00:00","description":"den Ruf Gottes h\u00f6ren","breadcrumb":{"@id":"https:\/\/www.chemin-neuf.ch\/de\/vorschlag\/ignatianische-exerzitien-oktober-2026\/#breadcrumb"},"inLanguage":"de","potentialAction":[{"@type":"ReadAction","target":["https:\/\/www.chemin-neuf.ch\/de\/vorschlag\/ignatianische-exerzitien-oktober-2026\/"]}]},{"@type":"ImageObject","inLanguage":"de","@id":"https:\/\/www.chemin-neuf.ch\/de\/vorschlag\/ignatianische-exerzitien-oktober-2026\/#primaryimage","url":"https:\/\/www.chemin-neuf.ch\/wp-content\/uploads\/2021\/02\/EXERZITIEN.jpg","contentUrl":"https:\/\/www.chemin-neuf.ch\/wp-content\/uploads\/2021\/02\/EXERZITIEN.jpg","width":1600,"height":800},{"@type":"BreadcrumbList","@id":"https:\/\/www.chemin-neuf.ch\/de\/vorschlag\/ignatianische-exerzitien-oktober-2026\/#breadcrumb","itemListElement":[{"@type":"ListItem","position":1,"name":"Home","item":"https:\/\/www.chemin-neuf.ch\/de\/"},{"@type":"ListItem","position":2,"name":"Vorschl\u00e4ge","item":"https:\/\/www.chemin-neuf.ch\/de\/vorschlag\/"},{"@type":"ListItem","position":3,"name":"Ignatianische Exerzitien Oktober 2026"}]},{"@type":"WebSite","@id":"https:\/\/www.chemin-neuf.ch\/de\/#website","url":"https:\/\/www.chemin-neuf.ch\/de\/","name":"Chemin Neuf Suisse","description":"La Communaut\u00e9 du Chemin Neuf en Suisse","potentialAction":[{"@type":"SearchAction","target":{"@type":"EntryPoint","urlTemplate":"https:\/\/www.chemin-neuf.ch\/de\/?s={search_term_string}"},"query-input":{"@type":"PropertyValueSpecification","valueRequired":true,"valueName":"search_term_string"}}],"inLanguage":"de"}]}},"_links":{"self":[{"href":"https:\/\/www.chemin-neuf.ch\/de\/wp-json\/wp\/v2\/proposition\/52431","targetHints":{"allow":["GET"]}}],"collection":[{"href":"https:\/\/www.chemin-neuf.ch\/de\/wp-json\/wp\/v2\/proposition"}],"about":[{"href":"https:\/\/www.chemin-neuf.ch\/de\/wp-json\/wp\/v2\/types\/proposition"}],"version-history":[{"count":4,"href":"https:\/\/www.chemin-neuf.ch\/de\/wp-json\/wp\/v2\/proposition\/52431\/revisions"}],"predecessor-version":[{"id":59470,"href":"https:\/\/www.chemin-neuf.ch\/de\/wp-json\/wp\/v2\/proposition\/52431\/revisions\/59470"}],"wp:featuredmedia":[{"embeddable":true,"href":"https:\/\/www.chemin-neuf.ch\/de\/wp-json\/wp\/v2\/media\/4086"}],"wp:attachment":[{"href":"https:\/\/www.chemin-neuf.ch\/de\/wp-json\/wp\/v2\/media?parent=52431"}],"wp:term":[{"taxonomy":"prop-category","embeddable":true,"href":"https:\/\/www.chemin-neuf.ch\/de\/wp-json\/wp\/v2\/prop-category?post=52431"},{"taxonomy":"prop-duration","embeddable":true,"href":"https:\/\/www.chemin-neuf.ch\/de\/wp-json\/wp\/v2\/prop-duration?post=52431"}],"curies":[{"name":"wp","href":"https:\/\/api.w.org\/{rel}","templated":true}]}}