{"id":4145,"date":"2021-04-12T21:20:48","date_gmt":"2021-04-12T19:20:48","guid":{"rendered":"https:\/\/www.chemin-neuf.ch\/?post_type=proposition&#038;p=4145"},"modified":"2021-06-07T22:26:32","modified_gmt":"2021-06-07T20:26:32","slug":"priere-et-jeune","status":"publish","type":"proposition","link":"https:\/\/www.chemin-neuf.ch\/de\/vorschlag\/priere-et-jeune\/","title":{"rendered":"Beten und Fasten"},"content":{"rendered":"\n<h2 class=\"wp-block-heading\"><i class=\"fas fa-list ccn-fa-icon\" aria-hidden=\"true\"> <\/i>PROGRAMM<\/h2>\n\n\n\n<p class=\"has-normal-font-size\">Eine 6-t\u00e4gige Einkehrzeit, um die Gegenwart Gottes zu suchen und zu finden durch die Erfahrung von Fasten, Stille und Gebet mit dem Wort Gottes. Gemeinschaftliches Lebensumfeld, Liturgie, geistliche Begleitung.<br><br><strong>Eine Einkehrwoche, um den Frieden und die Freiheit Gottes zu empfangen.<\/strong><\/p>\n\n\n\n<h2 class=\"wp-block-heading\"><i class=\"fas fa-calendar-alt ccn-fa-icon\" aria-hidden=\"true\"> <\/i>DATEN<\/h2>\n\n\n\n<p class=\"has-normal-font-size\">vom Sonntag, 20. M\u00e4rz 2022 um 17 Uhr bis Samstag, 26. M\u00e4rz 2022 um 11 Uhr<\/p>\n\n\n\n<h2 class=\"wp-block-heading\"><i class=\"fas fa-piggy-bank ccn-fa-icon\" aria-hidden=\"true\"> <\/i>FINANZEN<\/h2>\n\n\n\n<p class=\"has-normal-font-size\">500 bis 700 CHF f\u00fcr die ganze Woche.<\/p>\n\n\n\n<p class=\"has-normal-font-size\"><em><em>Geld soll kein Hinderungsgrund sein<\/em><\/em>.<\/p>\n\n\n\n<h2 class=\"wp-block-heading\">ORT<\/h2>\n\n\n\n<p class=\"has-normal-font-size\">G\u00e4stehaus Kloster Bethanien<br>CH-6066 St. Niklausen (OW)<\/p>\n\n\n\n<p class=\"has-normal-font-size\" id=\"block-db26dda8-c007-4776-8c6e-7d41896d7099\">Das G\u00e4stehaus Kloster Bethanien liegt in St. Niklausen im Kanton Obwalden, auf 800m H\u00f6he, mit herrlicher Aussicht auf den Sarnersee und die Obwaldner Berge.<\/p>\n\n\n\n<figure class=\"wp-block-image size-large\"><img loading=\"lazy\" decoding=\"async\" width=\"464\" height=\"321\" src=\"https:\/\/www.chemin-neuf.ch\/wp-content\/uploads\/2021\/02\/PlanBethanien-1.png\" alt=\"\" class=\"wp-image-1644\" srcset=\"https:\/\/www.chemin-neuf.ch\/wp-content\/uploads\/2021\/02\/PlanBethanien-1.png 464w, https:\/\/www.chemin-neuf.ch\/wp-content\/uploads\/2021\/02\/PlanBethanien-1-300x208.png 300w\" sizes=\"auto, (max-width: 464px) 100vw, 464px\" \/><\/figure>\n\n\n\n<p class=\"has-normal-font-size\" id=\"block-8f51e848-0306-4314-8a32-7286e1fa8375\"><strong>Transport<\/strong>:<br>Mit dem Auto: Autobahn A8 bis Sarnen-Nord, weiter Richtung Kerns-Melchtal, in St. Niklausen beim Restaurant Alpenblick links abbiegen und die Ausschilderung Bethanien folgen.<\/p>\n\n\n\n<p class=\"has-normal-font-size\" id=\"block-14057873-95ee-4f7d-8023-f79b707359d4\">Mit dem Zug: von Luzern nach Sarnen. Ab dort mit dem Postauto &#8222;Melchtal-St\u00f6ckalp&#8220; bis St. Niklausen, Haltestelle &#8222;alte Post&#8220;. Von da f\u00fchrt ein kleiner Weg in 5 Minuten zu Fuss zum G\u00e4stehaus Bethanien.<\/p>\n\n\n\n<div class=\"wp-block-buttons is-content-justification-center is-layout-flex wp-block-buttons-is-layout-flex\">\n<div class=\"wp-block-button is-style-fill\"><a class=\"wp-block-button__link has-orange-background-color has-background no-border-radius\" href=\"https:\/\/www.haus-bethanien.ch\/de\/startseite\" target=\"_blank\" rel=\"noreferrer noopener\">Das G\u00e4sfehaus Kloster Bethanien kennenlernen (hier die website)<\/a><\/div>\n\n\n\n<div class=\"wp-block-button\"><a class=\"wp-block-button__link has-orange-background-color has-background no-border-radius\" href=\"https:\/\/www.google.com\/maps\/place\/Bethanienstrasse+3,+6066+Kerns\/@46.8798651,8.2110962,12z\/data=!4m5!3m4!1s0x478ff39ea5bb5d71:0xf7e483c2a32b3a50!8m2!3d46.8798651!4d8.281134\" target=\"_blank\" rel=\"noreferrer noopener\">Anfahrtsplan<\/a><\/div>\n<\/div>\n\n\n\n<div class=\"wp-block-ootb-openstreetmap\"><div class=\"ootb-openstreetmap--map\" data-provider=\"openstreetmap\" data-markers=\"%5B%7B%22lat%22%3A%2246.8801759%22%2C%22lng%22%3A%228.2812781%22%2C%22text%22%3A%22%3Cp%3E%3Cstrong%3EHaus%20Bethanien%3C\/strong%3E%3C\/p%3E%3Cp%3EBethanienstrasse%203%2C%206066%20Kerns%2C%20Suisse%3C\/p%3E%3Cp%3E%3Cimg%20class%3D%5C%22wp-image-1090%5C%22%20style%3D%5C%22width%3A%20150px%3B%5C%22%20src%3D%5C%22https%3A\/\/www.chemin-neuf.ch\/wp-content\/uploads\/2021\/02\/Communaute-Suisse.jpg%5C%22%20alt%3D%5C%22%5C%22%3E%3C\/p%3E%22%7D%5D\" data-bounds=\"[46.8801759,8.2812781]\" data-zoom=\"11\" data-minzoom=\"2\" data-maxzoom=\"18\" data-dragging=\"true\" data-touchzoom=\"true\" data-doubleclickzoom=\"true\" data-scrollwheelzoom=\"true\" data-marker=\"%7B%22iconUrl%22%3A%22https%3A\/\/www.chemin-neuf.ch\/wp-content\/plugins\/ootb-openstreetmap\/assets\/vendor\/leaflet\/images\/marker-icon.png%22%2C%22iconAnchor%22%3A%5B12%2C41%5D%2C%22popupAnchor%22%3A%5B0%2C-41%5D%7D\" style=\"height:400px\"><\/div><\/div>\n","protected":false},"excerpt":{"rendered":"<p>Eine Einkehrwoche, um den Frieden und die Freiheit Gottes zu empfangen<\/p>\n","protected":false},"featured_media":3349,"menu_order":0,"template":"","meta":{"_acf_changed":false,"footnotes":""},"prop-category":[32],"prop-duration":[],"class_list":["post-4145","proposition","type-proposition","status-publish","has-post-thumbnail","hentry","prop-category-beten-und-fasten"],"acf":[],"yoast_head":"<!-- This site is optimized with the Yoast SEO plugin v27.5 - https:\/\/yoast.com\/product\/yoast-seo-wordpress\/ -->\n<title>Beten und Fasten - Chemin Neuf Suisse<\/title>\n<meta name=\"description\" content=\"Eine Einkehrwoche, um den Frieden und die Freiheit Gottes zu empfangen\" \/>\n<meta name=\"robots\" content=\"index, follow, max-snippet:-1, max-image-preview:large, max-video-preview:-1\" \/>\n<link rel=\"canonical\" href=\"https:\/\/www.chemin-neuf.ch\/de\/vorschlag\/priere-et-jeune\/\" \/>\n<meta property=\"og:locale\" content=\"de_DE\" \/>\n<meta property=\"og:type\" content=\"article\" \/>\n<meta property=\"og:title\" content=\"Beten und Fasten - Chemin Neuf Suisse\" \/>\n<meta property=\"og:description\" content=\"Eine Einkehrwoche, um den Frieden und die Freiheit Gottes zu empfangen\" \/>\n<meta property=\"og:url\" content=\"https:\/\/www.chemin-neuf.ch\/de\/vorschlag\/priere-et-jeune\/\" \/>\n<meta property=\"og:site_name\" content=\"Chemin Neuf Suisse\" \/>\n<meta property=\"article:modified_time\" content=\"2021-06-07T20:26:32+00:00\" \/>\n<meta property=\"og:image\" content=\"https:\/\/www.chemin-neuf.ch\/wp-content\/uploads\/2021\/02\/Beten-und-Fasten-recto.jpg\" \/>\n\t<meta property=\"og:image:width\" content=\"1240\" \/>\n\t<meta property=\"og:image:height\" content=\"1127\" \/>\n\t<meta property=\"og:image:type\" content=\"image\/jpeg\" \/>\n<meta name=\"twitter:card\" content=\"summary_large_image\" \/>\n<meta name=\"twitter:label1\" content=\"Gesch\u00e4tzte Lesezeit\" \/>\n\t<meta name=\"twitter:data1\" content=\"1\u00a0Minute\" \/>\n<script type=\"application\/ld+json\" class=\"yoast-schema-graph\">{\"@context\":\"https:\\\/\\\/schema.org\",\"@graph\":[{\"@type\":\"WebPage\",\"@id\":\"https:\\\/\\\/www.chemin-neuf.ch\\\/de\\\/vorschlag\\\/priere-et-jeune\\\/\",\"url\":\"https:\\\/\\\/www.chemin-neuf.ch\\\/de\\\/vorschlag\\\/priere-et-jeune\\\/\",\"name\":\"Beten und Fasten - Chemin Neuf Suisse\",\"isPartOf\":{\"@id\":\"https:\\\/\\\/www.chemin-neuf.ch\\\/de\\\/#website\"},\"primaryImageOfPage\":{\"@id\":\"https:\\\/\\\/www.chemin-neuf.ch\\\/de\\\/vorschlag\\\/priere-et-jeune\\\/#primaryimage\"},\"image\":{\"@id\":\"https:\\\/\\\/www.chemin-neuf.ch\\\/de\\\/vorschlag\\\/priere-et-jeune\\\/#primaryimage\"},\"thumbnailUrl\":\"https:\\\/\\\/www.chemin-neuf.ch\\\/wp-content\\\/uploads\\\/2021\\\/02\\\/Beten-und-Fasten-recto.jpg\",\"datePublished\":\"2021-04-12T19:20:48+00:00\",\"dateModified\":\"2021-06-07T20:26:32+00:00\",\"description\":\"Eine Einkehrwoche, um den Frieden und die Freiheit Gottes zu empfangen\",\"breadcrumb\":{\"@id\":\"https:\\\/\\\/www.chemin-neuf.ch\\\/de\\\/vorschlag\\\/priere-et-jeune\\\/#breadcrumb\"},\"inLanguage\":\"de\",\"potentialAction\":[{\"@type\":\"ReadAction\",\"target\":[\"https:\\\/\\\/www.chemin-neuf.ch\\\/de\\\/vorschlag\\\/priere-et-jeune\\\/\"]}]},{\"@type\":\"ImageObject\",\"inLanguage\":\"de\",\"@id\":\"https:\\\/\\\/www.chemin-neuf.ch\\\/de\\\/vorschlag\\\/priere-et-jeune\\\/#primaryimage\",\"url\":\"https:\\\/\\\/www.chemin-neuf.ch\\\/wp-content\\\/uploads\\\/2021\\\/02\\\/Beten-und-Fasten-recto.jpg\",\"contentUrl\":\"https:\\\/\\\/www.chemin-neuf.ch\\\/wp-content\\\/uploads\\\/2021\\\/02\\\/Beten-und-Fasten-recto.jpg\",\"width\":1240,\"height\":1127},{\"@type\":\"BreadcrumbList\",\"@id\":\"https:\\\/\\\/www.chemin-neuf.ch\\\/de\\\/vorschlag\\\/priere-et-jeune\\\/#breadcrumb\",\"itemListElement\":[{\"@type\":\"ListItem\",\"position\":1,\"name\":\"Home\",\"item\":\"https:\\\/\\\/www.chemin-neuf.ch\\\/de\\\/\"},{\"@type\":\"ListItem\",\"position\":2,\"name\":\"Vorschl\u00e4ge\",\"item\":\"https:\\\/\\\/www.chemin-neuf.ch\\\/de\\\/vorschlag\\\/\"},{\"@type\":\"ListItem\",\"position\":3,\"name\":\"Beten und Fasten\"}]},{\"@type\":\"WebSite\",\"@id\":\"https:\\\/\\\/www.chemin-neuf.ch\\\/de\\\/#website\",\"url\":\"https:\\\/\\\/www.chemin-neuf.ch\\\/de\\\/\",\"name\":\"Chemin Neuf Suisse\",\"description\":\"La Communaut\u00e9 du Chemin Neuf en Suisse\",\"potentialAction\":[{\"@type\":\"SearchAction\",\"target\":{\"@type\":\"EntryPoint\",\"urlTemplate\":\"https:\\\/\\\/www.chemin-neuf.ch\\\/de\\\/?s={search_term_string}\"},\"query-input\":{\"@type\":\"PropertyValueSpecification\",\"valueRequired\":true,\"valueName\":\"search_term_string\"}}],\"inLanguage\":\"de\"}]}<\/script>\n<!-- \/ Yoast SEO plugin. -->","yoast_head_json":{"title":"Beten und Fasten - Chemin Neuf Suisse","description":"Eine Einkehrwoche, um den Frieden und die Freiheit Gottes zu empfangen","robots":{"index":"index","follow":"follow","max-snippet":"max-snippet:-1","max-image-preview":"max-image-preview:large","max-video-preview":"max-video-preview:-1"},"canonical":"https:\/\/www.chemin-neuf.ch\/de\/vorschlag\/priere-et-jeune\/","og_locale":"de_DE","og_type":"article","og_title":"Beten und Fasten - Chemin Neuf Suisse","og_description":"Eine Einkehrwoche, um den Frieden und die Freiheit Gottes zu empfangen","og_url":"https:\/\/www.chemin-neuf.ch\/de\/vorschlag\/priere-et-jeune\/","og_site_name":"Chemin Neuf Suisse","article_modified_time":"2021-06-07T20:26:32+00:00","og_image":[{"width":1240,"height":1127,"url":"https:\/\/www.chemin-neuf.ch\/wp-content\/uploads\/2021\/02\/Beten-und-Fasten-recto.jpg","type":"image\/jpeg"}],"twitter_card":"summary_large_image","twitter_misc":{"Gesch\u00e4tzte Lesezeit":"1\u00a0Minute"},"schema":{"@context":"https:\/\/schema.org","@graph":[{"@type":"WebPage","@id":"https:\/\/www.chemin-neuf.ch\/de\/vorschlag\/priere-et-jeune\/","url":"https:\/\/www.chemin-neuf.ch\/de\/vorschlag\/priere-et-jeune\/","name":"Beten und Fasten - Chemin Neuf Suisse","isPartOf":{"@id":"https:\/\/www.chemin-neuf.ch\/de\/#website"},"primaryImageOfPage":{"@id":"https:\/\/www.chemin-neuf.ch\/de\/vorschlag\/priere-et-jeune\/#primaryimage"},"image":{"@id":"https:\/\/www.chemin-neuf.ch\/de\/vorschlag\/priere-et-jeune\/#primaryimage"},"thumbnailUrl":"https:\/\/www.chemin-neuf.ch\/wp-content\/uploads\/2021\/02\/Beten-und-Fasten-recto.jpg","datePublished":"2021-04-12T19:20:48+00:00","dateModified":"2021-06-07T20:26:32+00:00","description":"Eine Einkehrwoche, um den Frieden und die Freiheit Gottes zu empfangen","breadcrumb":{"@id":"https:\/\/www.chemin-neuf.ch\/de\/vorschlag\/priere-et-jeune\/#breadcrumb"},"inLanguage":"de","potentialAction":[{"@type":"ReadAction","target":["https:\/\/www.chemin-neuf.ch\/de\/vorschlag\/priere-et-jeune\/"]}]},{"@type":"ImageObject","inLanguage":"de","@id":"https:\/\/www.chemin-neuf.ch\/de\/vorschlag\/priere-et-jeune\/#primaryimage","url":"https:\/\/www.chemin-neuf.ch\/wp-content\/uploads\/2021\/02\/Beten-und-Fasten-recto.jpg","contentUrl":"https:\/\/www.chemin-neuf.ch\/wp-content\/uploads\/2021\/02\/Beten-und-Fasten-recto.jpg","width":1240,"height":1127},{"@type":"BreadcrumbList","@id":"https:\/\/www.chemin-neuf.ch\/de\/vorschlag\/priere-et-jeune\/#breadcrumb","itemListElement":[{"@type":"ListItem","position":1,"name":"Home","item":"https:\/\/www.chemin-neuf.ch\/de\/"},{"@type":"ListItem","position":2,"name":"Vorschl\u00e4ge","item":"https:\/\/www.chemin-neuf.ch\/de\/vorschlag\/"},{"@type":"ListItem","position":3,"name":"Beten und Fasten"}]},{"@type":"WebSite","@id":"https:\/\/www.chemin-neuf.ch\/de\/#website","url":"https:\/\/www.chemin-neuf.ch\/de\/","name":"Chemin Neuf Suisse","description":"La Communaut\u00e9 du Chemin Neuf en Suisse","potentialAction":[{"@type":"SearchAction","target":{"@type":"EntryPoint","urlTemplate":"https:\/\/www.chemin-neuf.ch\/de\/?s={search_term_string}"},"query-input":{"@type":"PropertyValueSpecification","valueRequired":true,"valueName":"search_term_string"}}],"inLanguage":"de"}]}},"_links":{"self":[{"href":"https:\/\/www.chemin-neuf.ch\/de\/wp-json\/wp\/v2\/proposition\/4145","targetHints":{"allow":["GET"]}}],"collection":[{"href":"https:\/\/www.chemin-neuf.ch\/de\/wp-json\/wp\/v2\/proposition"}],"about":[{"href":"https:\/\/www.chemin-neuf.ch\/de\/wp-json\/wp\/v2\/types\/proposition"}],"version-history":[{"count":10,"href":"https:\/\/www.chemin-neuf.ch\/de\/wp-json\/wp\/v2\/proposition\/4145\/revisions"}],"predecessor-version":[{"id":10092,"href":"https:\/\/www.chemin-neuf.ch\/de\/wp-json\/wp\/v2\/proposition\/4145\/revisions\/10092"}],"wp:featuredmedia":[{"embeddable":true,"href":"https:\/\/www.chemin-neuf.ch\/de\/wp-json\/wp\/v2\/media\/3349"}],"wp:attachment":[{"href":"https:\/\/www.chemin-neuf.ch\/de\/wp-json\/wp\/v2\/media?parent=4145"}],"wp:term":[{"taxonomy":"prop-category","embeddable":true,"href":"https:\/\/www.chemin-neuf.ch\/de\/wp-json\/wp\/v2\/prop-category?post=4145"},{"taxonomy":"prop-duration","embeddable":true,"href":"https:\/\/www.chemin-neuf.ch\/de\/wp-json\/wp\/v2\/prop-duration?post=4145"}],"curies":[{"name":"wp","href":"https:\/\/api.w.org\/{rel}","templated":true}]}}