{"id":3315,"date":"2021-04-09T15:26:21","date_gmt":"2021-04-09T13:26:21","guid":{"rendered":"https:\/\/next.chemin-neuf.ch\/?page_id=3315"},"modified":"2021-04-17T17:34:38","modified_gmt":"2021-04-17T15:34:38","slug":"geweihtes-leben","status":"publish","type":"page","link":"https:\/\/www.chemin-neuf.ch\/de\/geweihtes-leben\/","title":{"rendered":"Geweihtes Leben"},"content":{"rendered":"\n<h3 class=\"has-text-align-center wp-block-heading\"><strong><strong>Geweihte Br\u00fcder &amp; Schwestern<\/strong><\/strong><\/h3>\n\n\n\n<blockquote class=\"wp-block-quote is-layout-flow wp-block-quote-is-layout-flow\"><p><em><em>Der Geist ist es, der das Verlangen nach einer vollkommenen Antwort weckt; er leitet das Wachstum dieses Verlangens, indem er die positive Antwort heranreifen l\u00e4sst und dann ihre getreue Ausf\u00fchrung unterst\u00fctzt; er formt und bildet die Seele der Berufenen, indem er sie nach dem keuschen, armen und gehorsamen Christus gestaltet und sie anspornt, sich seine Sendung zu eigen zu machen<\/em><\/em><\/p><cite>Johannes Paul II., Vita Consecrata, Nr. 19<\/cite><\/blockquote>\n\n\n\n<div class=\"wp-block-columns is-layout-flex wp-container-core-columns-is-layout-9d6595d7 wp-block-columns-is-layout-flex\">\n<div class=\"wp-block-column is-layout-flow wp-block-column-is-layout-flow\">\n<figure class=\"wp-block-gallery columns-2 is-cropped wp-block-gallery-1 is-layout-flex wp-block-gallery-is-layout-flex\"><ul class=\"blocks-gallery-grid\"><li class=\"blocks-gallery-item\"><figure><img decoding=\"async\" src=\"https:\/\/chemin-neuf.fr\/wp-content\/uploads\/2021\/04\/carre-vie-consacre-22.jpg\" alt=\"\" data-id=\"6684\" data-full-url=\"https:\/\/chemin-neuf.fr\/wp-content\/uploads\/2021\/04\/carre-vie-consacre-22.jpg\" data-link=\"https:\/\/chemin-neuf.fr\/qui-sommes-nous\/vie-consacree\/carre-vie-consacre-22\/\" class=\"wp-image-6684\"\/><\/figure><\/li><li class=\"blocks-gallery-item\"><figure><img decoding=\"async\" src=\"https:\/\/chemin-neuf.fr\/wp-content\/uploads\/2021\/04\/carre-vie-consacre-19.jpg\" alt=\"\" data-id=\"6685\" data-full-url=\"https:\/\/chemin-neuf.fr\/wp-content\/uploads\/2021\/04\/carre-vie-consacre-19.jpg\" data-link=\"https:\/\/chemin-neuf.fr\/qui-sommes-nous\/vie-consacree\/carre-vie-consacre-19\/\" class=\"wp-image-6685\"\/><\/figure><\/li><li class=\"blocks-gallery-item\"><figure><img decoding=\"async\" src=\"https:\/\/chemin-neuf.fr\/wp-content\/uploads\/2021\/04\/carre-vie-consacre-18.jpg\" alt=\"\" data-id=\"6686\" data-full-url=\"https:\/\/chemin-neuf.fr\/wp-content\/uploads\/2021\/04\/carre-vie-consacre-18.jpg\" data-link=\"https:\/\/chemin-neuf.fr\/qui-sommes-nous\/vie-consacree\/carre-vie-consacre-18\/\" class=\"wp-image-6686\"\/><\/figure><\/li><li class=\"blocks-gallery-item\"><figure><img decoding=\"async\" src=\"https:\/\/chemin-neuf.fr\/wp-content\/uploads\/2021\/04\/carre-vie-consacre-16.jpg\" alt=\"\" data-id=\"6687\" data-full-url=\"https:\/\/chemin-neuf.fr\/wp-content\/uploads\/2021\/04\/carre-vie-consacre-16.jpg\" data-link=\"https:\/\/chemin-neuf.fr\/qui-sommes-nous\/vie-consacree\/carre-vie-consacre-16\/\" class=\"wp-image-6687\"\/><\/figure><\/li><\/ul><\/figure>\n<\/div>\n\n\n\n<div class=\"wp-block-column is-vertically-aligned-center is-layout-flow wp-block-column-is-layout-flow\">\n<h4 class=\"wp-block-heading\"><strong><strong>Engagiert f\u00fcr das Reich Gottes<\/strong><\/strong><\/h4>\n\n\n\n<p style=\"line-height:1.6\">Im Herzen der Gemeinschaft Chemin Neuf empfangen Br\u00fcder und Schwestern, die sich im Z\u00f6libat f\u00fcr das Reich Gottes verpflichtet haben, durch ihre Weihe einen besonderen Ruf des Herrn. Als \u201cleuchtendes Zeichen\u201d in der Kirche sind sie Vorboten des kommenden Reiches. In der Gemeinschaft Chemin Neuf leben derzeit 400 geweiht Br\u00fcder und Schwestern (180 M\u00e4nner und 220 Frauen). Ihre Berufung offenbart und repr\u00e4sentiert inmitten der Gemeinschaft das innerste Wesen der christlichen Berufung und das Bestreben der ganzen Kirche: Jesus nachzufolgen und mit ihm vereint zu sein.<\/p>\n\n\n\n<p style=\"line-height:1.6\">Die im Z\u00f6libat verpflichteten Br\u00fcder und Schwestern leben im Herzen der Gemeinschaft und teilen das apostolische und missionarische Leben gemeinsam mit den Ehepaaren und Familien. Sie folgen den Konstitutionen des Ordensinstituts Chemin Neuf, das 1992 von Kardinal Decourtray errichtet und 2009 als Institut P\u00e4pstlichen Rechts anerkannt wurde. \u201cWir Ordensleute verpflichten uns durch die \u00f6ffentlichen Gel\u00fcbde der Keuschheit, der Armut und des Gehorsams, in Gemeinschaft mit Christus in einer apostolischen Gemeinschaft zu leben, im Dienst an der Einheit der Kirche und im Dienst an den Menschen, besonders an den \u00c4rmsten.\u201d<\/p>\n<\/div>\n<\/div>\n\n\n\n<div class=\"wp-block-columns are-vertically-aligned-center is-layout-flex wp-container-core-columns-is-layout-9d6595d7 wp-block-columns-is-layout-flex\">\n<div class=\"wp-block-column is-vertically-aligned-center is-layout-flow wp-block-column-is-layout-flow\">\n<h4 class=\"wp-block-heading\"><strong><strong>Gott geweiht<\/strong><\/strong><\/h4>\n\n\n\n<p style=\"line-height:1.6\">Gott im Z\u00f6libat geweiht, wollen Ordensbr\u00fcder und -schwestern M\u00e4nner und Frauen f\u00fcr andere sein, frei in Beziehungen und verf\u00fcgbar in der Gemeinschaft mit allen. Nichts besitzend, alles teilend, leben sie ein konkretes Gleichnis des Teilens in einem Leben, das seine Sicherheit in die Vorsehung Gottes setzt. Frei durch das Gel\u00fcbde des Gehorsams und verf\u00fcgbar f\u00fcr jede Mission, stellen sie sich gemeinsam in den Dienst des Evangeliums.<\/p>\n\n\n\n<p style=\"line-height:1.6\">Besondere Sorgfalt wird auf die Aus- und Weiterbildung verwendet. Das Noviziat des Instituts befindet sich derzeit in der Abtei von Melleray (Di\u00f6zese von Nantes, Frankreich). In ihren ersten&nbsp; Jahren besuchen alle geweihten Z\u00f6libat\u00e4re, M\u00e4nner und Frauen, philosophische und theologische Studien in Verbindung mit verschiedenen theologischen Fakult\u00e4ten (Paris, Lyon, Rom, Kinshasa, Fribourg usw.). Im Laufe ihres Lebens helfen Zeiten der Schulung und der Exerzitien, ihre Liebe zum Herrn und ihren apostolischen Eifer zu st\u00e4rken. Bei der lebenslangen Verpflichtung (nach den Jahren der zeitlichen Profess) sagt derjenige, der sich verpflichtet: \u201cIch m\u00f6chte mein Leben f\u00fcr die Einheit der Kirche hingeben\u201d. Wir glauben, dass diese Hingabe f\u00fcr die Einheit das Herz unserer gemeinsamen Berufung und einen der besonderen Aspekte unseres Ordenslebens zum Ausdruck bringt.<\/p>\n<\/div>\n\n\n\n<div class=\"wp-block-column is-vertically-aligned-center is-layout-flow wp-block-column-is-layout-flow\">\n<figure class=\"wp-block-gallery columns-2 is-cropped wp-block-gallery-2 is-layout-flex wp-block-gallery-is-layout-flex\"><ul class=\"blocks-gallery-grid\"><li class=\"blocks-gallery-item\"><figure><img decoding=\"async\" src=\"https:\/\/chemin-neuf.fr\/wp-content\/uploads\/2021\/04\/carre-vie-consacre-5.jpg\" alt=\"\" data-id=\"6683\" data-full-url=\"https:\/\/chemin-neuf.fr\/wp-content\/uploads\/2021\/04\/carre-vie-consacre-5.jpg\" data-link=\"https:\/\/chemin-neuf.fr\/qui-sommes-nous\/vie-consacree\/carre-vie-consacre-5\/\" class=\"wp-image-6683\"\/><\/figure><\/li><li class=\"blocks-gallery-item\"><figure><img decoding=\"async\" src=\"https:\/\/chemin-neuf.fr\/wp-content\/uploads\/2021\/04\/carre-vie-consacre-6.jpg\" alt=\"\" data-id=\"6682\" data-full-url=\"https:\/\/chemin-neuf.fr\/wp-content\/uploads\/2021\/04\/carre-vie-consacre-6.jpg\" data-link=\"https:\/\/chemin-neuf.fr\/qui-sommes-nous\/vie-consacree\/carre-vie-consacre-6\/\" class=\"wp-image-6682\"\/><\/figure><\/li><li class=\"blocks-gallery-item\"><figure><img decoding=\"async\" src=\"https:\/\/chemin-neuf.fr\/wp-content\/uploads\/2021\/04\/carre-vie-consacre-9.jpg\" alt=\"\" data-id=\"6681\" data-full-url=\"https:\/\/chemin-neuf.fr\/wp-content\/uploads\/2021\/04\/carre-vie-consacre-9.jpg\" data-link=\"https:\/\/chemin-neuf.fr\/qui-sommes-nous\/vie-consacree\/carre-vie-consacre-9\/\" class=\"wp-image-6681\"\/><\/figure><\/li><li class=\"blocks-gallery-item\"><figure><img decoding=\"async\" src=\"https:\/\/chemin-neuf.fr\/wp-content\/uploads\/2021\/04\/carre-vie-consacre-3.jpg\" alt=\"\" data-id=\"6680\" data-full-url=\"https:\/\/chemin-neuf.fr\/wp-content\/uploads\/2021\/04\/carre-vie-consacre-3.jpg\" data-link=\"https:\/\/chemin-neuf.fr\/qui-sommes-nous\/vie-consacree\/carre-vie-consacre-3\/\" class=\"wp-image-6680\"\/><\/figure><\/li><\/ul><\/figure>\n<\/div>\n<\/div>\n\n\n\n<div class=\"wp-block-columns is-layout-flex wp-container-core-columns-is-layout-9d6595d7 wp-block-columns-is-layout-flex\">\n<div class=\"wp-block-column is-layout-flow wp-block-column-is-layout-flow\">\n<figure class=\"wp-block-gallery columns-2 is-cropped wp-block-gallery-3 is-layout-flex wp-block-gallery-is-layout-flex\"><ul class=\"blocks-gallery-grid\"><li class=\"blocks-gallery-item\"><figure><img decoding=\"async\" src=\"https:\/\/chemin-neuf.fr\/wp-content\/uploads\/2021\/04\/carre-vie-consacre-11.jpg\" alt=\"\" data-id=\"6689\" data-full-url=\"https:\/\/chemin-neuf.fr\/wp-content\/uploads\/2021\/04\/carre-vie-consacre-11.jpg\" data-link=\"https:\/\/chemin-neuf.fr\/qui-sommes-nous\/vie-consacree\/carre-vie-consacre-11\/\" class=\"wp-image-6689\"\/><\/figure><\/li><li class=\"blocks-gallery-item\"><figure><img decoding=\"async\" src=\"https:\/\/chemin-neuf.fr\/wp-content\/uploads\/2021\/04\/carre-vie-consacre-13.jpg\" alt=\"\" data-id=\"6688\" data-full-url=\"https:\/\/chemin-neuf.fr\/wp-content\/uploads\/2021\/04\/carre-vie-consacre-13.jpg\" data-link=\"https:\/\/chemin-neuf.fr\/qui-sommes-nous\/vie-consacree\/carre-vie-consacre-13\/\" class=\"wp-image-6688\"\/><\/figure><\/li><li class=\"blocks-gallery-item\"><figure><img decoding=\"async\" src=\"https:\/\/chemin-neuf.fr\/wp-content\/uploads\/2021\/04\/carre-vie-consacre-8.jpg\" alt=\"\" data-id=\"6694\" data-full-url=\"https:\/\/chemin-neuf.fr\/wp-content\/uploads\/2021\/04\/carre-vie-consacre-8.jpg\" data-link=\"https:\/\/chemin-neuf.fr\/carre-vie-consacre-8\/\" class=\"wp-image-6694\"\/><\/figure><\/li><li class=\"blocks-gallery-item\"><figure><img decoding=\"async\" src=\"https:\/\/chemin-neuf.fr\/wp-content\/uploads\/2021\/04\/carre-vie-consacre-10.jpg\" alt=\"\" data-id=\"6696\" data-full-url=\"https:\/\/chemin-neuf.fr\/wp-content\/uploads\/2021\/04\/carre-vie-consacre-10.jpg\" data-link=\"https:\/\/chemin-neuf.fr\/carre-vie-consacre-10\/\" class=\"wp-image-6696\"\/><\/figure><\/li><\/ul><\/figure>\n<\/div>\n\n\n\n<div class=\"wp-block-column is-vertically-aligned-center is-layout-flow wp-block-column-is-layout-flow\">\n<h4 class=\"wp-block-heading\"><strong><strong>In Ihm verwurzelt und gegr\u00fcndet<\/strong><\/strong><\/h4>\n\n\n\n<p style=\"line-height:1.6\">Regelm\u00e4ssige geistliche Begleitung erm\u00f6glicht es jedem, in der Freiheit und dem Unterscheidungsverm\u00f6gen des Geistes zu wachsen. In gleicher Weise bieten das geschwisterliche Leben und der w\u00f6chentliche Austausch in der Fraternit\u00e4t einen Ort des H\u00f6rens, der Demut und des Lernens der gemeinschaftlichen Unterscheidung.<br><\/p>\n\n\n\n<p style=\"line-height:1.6\">Das Gebetsleben gestaltet sich in der t\u00e4glichen Eucharistie, dem Stundengebet (die in unseren H\u00e4usern gemeinsam gesungene Laudes und Vesper), dem pers\u00f6nlichen Gebet (Gebetszeit am Morgen und Eucharistische Anbetung am Ende des Nachmittags) und dem charismatischen gemeinschaftlichen Gebet (Gebetsabend am Dienstag).<\/p>\n\n\n\n<p class=\"has-medium-font-size\"><strong>\u201cDein Weg ist heilig.\u201d Ps 77,14<\/strong><\/p>\n<\/div>\n<\/div>\n\n\n\n<div class=\"wp-block-columns are-vertically-aligned-center is-layout-flex wp-container-core-columns-is-layout-9d6595d7 wp-block-columns-is-layout-flex\">\n<div class=\"wp-block-column is-vertically-aligned-center is-layout-flow wp-block-column-is-layout-flow\">\n<h4 class=\"wp-block-heading\"><strong><strong>Dem Dienst am Evangelium geweiht<\/strong><\/strong><\/h4>\n\n\n\n<p style=\"line-height:1.6\">Diejenigen der Br\u00fcder, die einen Ruf zum Priesteramt empfangen, werden in das Institut Chemin Neuf inkardiniert. Im Jahr 2021 gibt es 120 Priester und 50 Br\u00fcder in Ausbildung. Die Priester \u00fcben ihre Mission in verschiedenen Bereichen aus, entsprechend den Einladungen der Kirche und den Aufgaben der Gemeinschaft: Pfarreien (30 Pfarreien sind der Gemeinschaft anvertraut), Ausbildungszentren, Studierendenwohnheime, Exerzitienh\u00e4user und verschiedene Missionen mit Jugendlichen, Paaren, in Schulen und mit den \u00c4rmsten.<\/p>\n\n\n\n<p style=\"line-height:1.6\">Die Br\u00fcder und Schwestern, die sich zum Z\u00f6libat f\u00fcr das Reich Gottes verpflichtet haben, haben sich dem Dienst am Evangelium geweiht. \u201cDu darfst nie vergessen, dass Jesus das Fundament unseres Instituts ist. Er ist es, dem Du begegnet bist, bevor Du dem Institut beigetreten bist. Er ist derjenige, der uns als Gemeinschaft der Kirche versammelt, um uns wirklich zu seinen J\u00fcngern zu machen.<\/p>\n\n\n\n<p class=\"has-medium-font-size\"><strong><strong><em>\u201eWie ihr nun angenommen habt den Herrn Christus Jesus, so lebt auch in ihm, verwurzelt und gegr\u00fcndet in ihm und fest im Glauben, wie ihr gelehrt worden seid, und voller Dankbarkeit.\u201c<\/em>. Kol 2, 6-7 (Konstitutionen des Instituts Chemin Neuf, \u00a7 2)<\/strong><\/strong><\/p>\n<\/div>\n\n\n\n<div class=\"wp-block-column is-vertically-aligned-center is-layout-flow wp-block-column-is-layout-flow\">\n<figure class=\"wp-block-gallery columns-2 is-cropped wp-block-gallery-4 is-layout-flex wp-block-gallery-is-layout-flex\"><ul class=\"blocks-gallery-grid\"><li class=\"blocks-gallery-item\"><figure><img decoding=\"async\" src=\"https:\/\/chemin-neuf.fr\/wp-content\/uploads\/2021\/04\/carre-vie-consacre-1.jpg\" alt=\"\" data-id=\"6679\" data-full-url=\"https:\/\/chemin-neuf.fr\/wp-content\/uploads\/2021\/04\/carre-vie-consacre-1.jpg\" data-link=\"https:\/\/chemin-neuf.fr\/qui-sommes-nous\/vie-consacree\/carre-vie-consacre-1\/\" class=\"wp-image-6679\"\/><\/figure><\/li><li class=\"blocks-gallery-item\"><figure><img decoding=\"async\" src=\"https:\/\/chemin-neuf.fr\/wp-content\/uploads\/2021\/04\/carre-vie-consacre-20.jpg\" alt=\"\" data-id=\"6678\" data-full-url=\"https:\/\/chemin-neuf.fr\/wp-content\/uploads\/2021\/04\/carre-vie-consacre-20.jpg\" data-link=\"https:\/\/chemin-neuf.fr\/qui-sommes-nous\/vie-consacree\/carre-vie-consacre-20\/\" class=\"wp-image-6678\"\/><\/figure><\/li><li class=\"blocks-gallery-item\"><figure><img decoding=\"async\" src=\"https:\/\/chemin-neuf.fr\/wp-content\/uploads\/2021\/04\/carre-vie-consacre-15.jpg\" alt=\"\" data-id=\"6677\" data-full-url=\"https:\/\/chemin-neuf.fr\/wp-content\/uploads\/2021\/04\/carre-vie-consacre-15.jpg\" data-link=\"https:\/\/chemin-neuf.fr\/qui-sommes-nous\/vie-consacree\/carre-vie-consacre-15\/\" class=\"wp-image-6677\"\/><\/figure><\/li><li class=\"blocks-gallery-item\"><figure><img decoding=\"async\" src=\"https:\/\/chemin-neuf.fr\/wp-content\/uploads\/2021\/04\/carre-vie-consacre-17.jpg\" alt=\"\" data-id=\"6676\" data-full-url=\"https:\/\/chemin-neuf.fr\/wp-content\/uploads\/2021\/04\/carre-vie-consacre-17.jpg\" data-link=\"https:\/\/chemin-neuf.fr\/qui-sommes-nous\/vie-consacree\/carre-vie-consacre-17\/\" class=\"wp-image-6676\"\/><\/figure><\/li><\/ul><\/figure>\n<\/div>\n<\/div>\n\n\n\n<figure class=\"wp-block-pullquote alignwide\"><blockquote><p><strong><em>Es gibt keine gr\u00f6ssere Liebe als die, sein Leben f\u00fcr die hinzugeben, die man liebt.\u201d<\/em><\/strong><\/p><cite>Johannes 15<\/cite><\/blockquote><\/figure>\n\n\n\n<figure class=\"wp-block-gallery alignwide columns-3 is-cropped wp-block-gallery-5 is-layout-flex wp-block-gallery-is-layout-flex\"><ul class=\"blocks-gallery-grid\"><li class=\"blocks-gallery-item\"><figure><img decoding=\"async\" src=\"https:\/\/chemin-neuf.fr\/wp-content\/uploads\/2020\/12\/carre-chanteur.jpg\" alt=\"\" data-id=\"2776\" data-full-url=\"https:\/\/chemin-neuf.fr\/wp-content\/uploads\/2020\/12\/carre-chanteur.jpg\" data-link=\"https:\/\/chemin-neuf.fr\/nos-propositions\/art-et-liturgie\/carre-chanteur\/\" class=\"wp-image-2776\"\/><\/figure><\/li><li class=\"blocks-gallery-item\"><figure><img decoding=\"async\" src=\"https:\/\/chemin-neuf.fr\/wp-content\/uploads\/2021\/02\/carre-engagement-a-vie.jpg\" alt=\"\" data-id=\"5586\" data-full-url=\"https:\/\/chemin-neuf.fr\/wp-content\/uploads\/2021\/02\/carre-engagement-a-vie.jpg\" data-link=\"https:\/\/chemin-neuf.fr\/carre-engagement-a-vie\/\" class=\"wp-image-5586\"\/><\/figure><\/li><li class=\"blocks-gallery-item\"><figure><img decoding=\"async\" src=\"https:\/\/chemin-neuf.fr\/wp-content\/uploads\/2020\/11\/carre-ccn-soeurs.jpg\" alt=\"\" data-id=\"1399\" data-full-url=\"https:\/\/chemin-neuf.fr\/wp-content\/uploads\/2020\/11\/carre-ccn-soeurs.jpg\" data-link=\"https:\/\/chemin-neuf.fr\/qui-sommes-nous\/la-communaute\/carre-ccn-soeurs\/\" class=\"wp-image-1399\"\/><\/figure><\/li><\/ul><\/figure>\n\n\n\n<h3 class=\"wp-block-heading\">Institut Chemin Neuf<\/h3>\n\n\n\n<p>Am&nbsp;<strong>24. Juni 1992<\/strong>&nbsp;wurde das Institut Chemin Neuf f\u00fcr Priester und Ordensleute vom Erzbischof von Lyon, Kardinal Albert Decourtray, als kirchliches Ordensinstitut di\u00f6zesanen Rechts errichtet.<\/p>\n\n\n\n<p>Am&nbsp;<strong>14. September 2009<\/strong>&nbsp;wurde das Institut Chemin Neuf von Kardinal Franc Rod\u00e9, Pr\u00e4fekt der Kongregation f\u00fcr die Institute des geweihten Lebens und f\u00fcr die Gemeinschaften des apostol<strong>ischen Lebens, im Vatikan in Rom als klerikales Ordensinstitut p\u00e4pstlichen Rechts anerkannt.<\/strong><\/p>\n\n\n\n<figure class=\"wp-block-gallery alignwide columns-3 is-cropped wp-block-gallery-6 is-layout-flex wp-block-gallery-is-layout-flex\"><ul class=\"blocks-gallery-grid\"><li class=\"blocks-gallery-item\"><figure><img decoding=\"async\" src=\"https:\/\/chemin-neuf.fr\/wp-content\/uploads\/2021\/02\/carre-zrg-stephan-lange.jpg\" alt=\"\" data-id=\"5272\" data-full-url=\"https:\/\/chemin-neuf.fr\/wp-content\/uploads\/2021\/02\/carre-zrg-stephan-lange.jpg\" data-link=\"https:\/\/chemin-neuf.fr\/qui-sommes-nous\/la-communaute\/carre-zrg-stephan-lange\/\" class=\"wp-image-5272\"\/><\/figure><\/li><li class=\"blocks-gallery-item\"><figure><img decoding=\"async\" src=\"https:\/\/chemin-neuf.fr\/wp-content\/uploads\/2020\/06\/fm.jpg\" alt=\"\" data-id=\"1972\" data-full-url=\"https:\/\/chemin-neuf.fr\/wp-content\/uploads\/2020\/06\/fm.jpg\" data-link=\"https:\/\/chemin-neuf.fr\/fm\/\" class=\"wp-image-1972\"\/><\/figure><\/li><li class=\"blocks-gallery-item\"><figure><img decoding=\"async\" src=\"https:\/\/chemin-neuf.fr\/wp-content\/uploads\/2020\/10\/carre-adoration.jpg\" alt=\"\" data-id=\"969\" data-full-url=\"https:\/\/chemin-neuf.fr\/wp-content\/uploads\/2020\/10\/carre-adoration.jpg\" data-link=\"https:\/\/chemin-neuf.fr\/lieu\/lyon-h4\/carre-adoration\/\" class=\"wp-image-969\"\/><\/figure><\/li><\/ul><\/figure>\n\n\n\n<h3 class=\"has-text-align-center wp-block-heading\">Noviziat in der <a href=\"https:\/\/de.wikipedia.org\/wiki\/Kloster_Melleray\" target=\"_blank\" rel=\"noreferrer noopener\">Abtei von Melleray<\/a> (Frankreich)<\/h3>\n\n\n\n<p class=\"has-text-align-center\">Entdecken Sie das Noviziat der Gemeinschaft Chemin Neuf in diesem kurzen Video<\/p>\n\n\n\n<figure class=\"wp-block-embed aligncenter is-type-video is-provider-youtube wp-block-embed-youtube wp-embed-aspect-16-9 wp-has-aspect-ratio\"><div class=\"wp-block-embed__wrapper\">\n<iframe loading=\"lazy\" title=\"Le Noviciat dans la Communaut\u00e9 du Chemin Neuf\" width=\"500\" height=\"281\" src=\"https:\/\/www.youtube.com\/embed\/teBIyMxDn2Y?feature=oembed\" frameborder=\"0\" allow=\"accelerometer; autoplay; clipboard-write; encrypted-media; gyroscope; picture-in-picture; web-share\" referrerpolicy=\"strict-origin-when-cross-origin\" allowfullscreen><\/iframe>\n<\/div><\/figure>\n\n\n\n<h3 class=\"has-text-align-center wp-block-heading\">Gottesdienst zum Engagement auf Lebenszeit (Frankreich)<\/h3>\n\n\n\n<figure class=\"wp-block-embed aligncenter is-type-video is-provider-youtube wp-block-embed-youtube wp-embed-aspect-16-9 wp-has-aspect-ratio\"><div class=\"wp-block-embed__wrapper\">\n<iframe loading=\"lazy\" title=\"France, ao\u00fbt 2019 - Engagements \u00e0 vie dans la Communaut\u00e9 du Chemin Neuf\" width=\"500\" height=\"281\" src=\"https:\/\/www.youtube.com\/embed\/FcPBS5Safb0?feature=oembed\" frameborder=\"0\" allow=\"accelerometer; autoplay; clipboard-write; encrypted-media; gyroscope; picture-in-picture; web-share\" referrerpolicy=\"strict-origin-when-cross-origin\" allowfullscreen><\/iframe>\n<\/div><\/figure>\n","protected":false},"excerpt":{"rendered":"<p>Geweihte Br\u00fcder &amp; Schwestern Der Geist ist es, der das Verlangen nach einer vollkommenen Antwort weckt; er leitet das Wachstum dieses Verlangens, indem er die positive Antwort heranreifen l\u00e4sst und dann ihre getreue Ausf\u00fchrung unterst\u00fctzt; er formt und bildet die Seele der Berufenen, indem er sie nach dem keuschen, armen und gehorsamen Christus gestaltet und [&hellip;]<\/p>\n","protected":false},"author":1,"featured_media":3256,"parent":0,"menu_order":3,"comment_status":"closed","ping_status":"closed","template":"","meta":{"_acf_changed":false,"footnotes":""},"class_list":["post-3315","page","type-page","status-publish","has-post-thumbnail","hentry"],"acf":[],"yoast_head":"<!-- This site is optimized with the Yoast SEO plugin v27.5 - https:\/\/yoast.com\/product\/yoast-seo-wordpress\/ -->\n<title>Geweihtes Leben - Chemin Neuf Suisse<\/title>\n<meta name=\"description\" content=\"Geweihte Br\u00fcder &amp; Schwestern Der Geist ist es, der das Verlangen nach einer vollkommenen Antwort weckt; er leitet das Wachstum dieses Verlangens,\" \/>\n<meta name=\"robots\" content=\"index, follow, max-snippet:-1, max-image-preview:large, max-video-preview:-1\" \/>\n<link rel=\"canonical\" href=\"https:\/\/www.chemin-neuf.ch\/de\/geweihtes-leben\/\" \/>\n<meta property=\"og:locale\" content=\"de_DE\" \/>\n<meta property=\"og:type\" content=\"article\" \/>\n<meta property=\"og:title\" content=\"Geweihtes Leben - Chemin Neuf Suisse\" \/>\n<meta property=\"og:description\" content=\"Geweihte Br\u00fcder &amp; Schwestern Der Geist ist es, der das Verlangen nach einer vollkommenen Antwort weckt; er leitet das Wachstum dieses Verlangens,\" \/>\n<meta property=\"og:url\" content=\"https:\/\/www.chemin-neuf.ch\/de\/geweihtes-leben\/\" \/>\n<meta property=\"og:site_name\" content=\"Chemin Neuf Suisse\" \/>\n<meta property=\"article:modified_time\" content=\"2021-04-17T15:34:38+00:00\" \/>\n<meta property=\"og:image\" content=\"https:\/\/www.chemin-neuf.ch\/wp-content\/uploads\/2021\/04\/chemin-neuf-vie-consacree.jpeg\" \/>\n\t<meta property=\"og:image:width\" content=\"2048\" \/>\n\t<meta property=\"og:image:height\" content=\"1366\" \/>\n\t<meta property=\"og:image:type\" content=\"image\/jpeg\" \/>\n<meta name=\"twitter:card\" content=\"summary_large_image\" \/>\n<meta name=\"twitter:label1\" content=\"Gesch\u00e4tzte Lesezeit\" \/>\n\t<meta name=\"twitter:data1\" content=\"9\u00a0Minuten\" \/>\n<script type=\"application\/ld+json\" class=\"yoast-schema-graph\">{\"@context\":\"https:\\\/\\\/schema.org\",\"@graph\":[{\"@type\":\"WebPage\",\"@id\":\"https:\\\/\\\/www.chemin-neuf.ch\\\/de\\\/geweihtes-leben\\\/\",\"url\":\"https:\\\/\\\/www.chemin-neuf.ch\\\/de\\\/geweihtes-leben\\\/\",\"name\":\"Geweihtes Leben - Chemin Neuf Suisse\",\"isPartOf\":{\"@id\":\"https:\\\/\\\/www.chemin-neuf.ch\\\/de\\\/#website\"},\"primaryImageOfPage\":{\"@id\":\"https:\\\/\\\/www.chemin-neuf.ch\\\/de\\\/geweihtes-leben\\\/#primaryimage\"},\"image\":{\"@id\":\"https:\\\/\\\/www.chemin-neuf.ch\\\/de\\\/geweihtes-leben\\\/#primaryimage\"},\"thumbnailUrl\":\"https:\\\/\\\/www.chemin-neuf.ch\\\/wp-content\\\/uploads\\\/2021\\\/04\\\/chemin-neuf-vie-consacree.jpeg\",\"datePublished\":\"2021-04-09T13:26:21+00:00\",\"dateModified\":\"2021-04-17T15:34:38+00:00\",\"description\":\"Geweihte Br\u00fcder &amp; Schwestern Der Geist ist es, der das Verlangen nach einer vollkommenen Antwort weckt; er leitet das Wachstum dieses Verlangens,\",\"breadcrumb\":{\"@id\":\"https:\\\/\\\/www.chemin-neuf.ch\\\/de\\\/geweihtes-leben\\\/#breadcrumb\"},\"inLanguage\":\"de\",\"potentialAction\":[{\"@type\":\"ReadAction\",\"target\":[\"https:\\\/\\\/www.chemin-neuf.ch\\\/de\\\/geweihtes-leben\\\/\"]}]},{\"@type\":\"ImageObject\",\"inLanguage\":\"de\",\"@id\":\"https:\\\/\\\/www.chemin-neuf.ch\\\/de\\\/geweihtes-leben\\\/#primaryimage\",\"url\":\"https:\\\/\\\/www.chemin-neuf.ch\\\/wp-content\\\/uploads\\\/2021\\\/04\\\/chemin-neuf-vie-consacree.jpeg\",\"contentUrl\":\"https:\\\/\\\/www.chemin-neuf.ch\\\/wp-content\\\/uploads\\\/2021\\\/04\\\/chemin-neuf-vie-consacree.jpeg\",\"width\":2048,\"height\":1366},{\"@type\":\"BreadcrumbList\",\"@id\":\"https:\\\/\\\/www.chemin-neuf.ch\\\/de\\\/geweihtes-leben\\\/#breadcrumb\",\"itemListElement\":[{\"@type\":\"ListItem\",\"position\":1,\"name\":\"Home\",\"item\":\"https:\\\/\\\/www.chemin-neuf.ch\\\/de\\\/\"},{\"@type\":\"ListItem\",\"position\":2,\"name\":\"Geweihtes Leben\"}]},{\"@type\":\"WebSite\",\"@id\":\"https:\\\/\\\/www.chemin-neuf.ch\\\/de\\\/#website\",\"url\":\"https:\\\/\\\/www.chemin-neuf.ch\\\/de\\\/\",\"name\":\"Chemin Neuf Suisse\",\"description\":\"La Communaut\u00e9 du Chemin Neuf en Suisse\",\"potentialAction\":[{\"@type\":\"SearchAction\",\"target\":{\"@type\":\"EntryPoint\",\"urlTemplate\":\"https:\\\/\\\/www.chemin-neuf.ch\\\/de\\\/?s={search_term_string}\"},\"query-input\":{\"@type\":\"PropertyValueSpecification\",\"valueRequired\":true,\"valueName\":\"search_term_string\"}}],\"inLanguage\":\"de\"}]}<\/script>\n<!-- \/ Yoast SEO plugin. -->","yoast_head_json":{"title":"Geweihtes Leben - Chemin Neuf Suisse","description":"Geweihte Br\u00fcder &amp; Schwestern Der Geist ist es, der das Verlangen nach einer vollkommenen Antwort weckt; er leitet das Wachstum dieses Verlangens,","robots":{"index":"index","follow":"follow","max-snippet":"max-snippet:-1","max-image-preview":"max-image-preview:large","max-video-preview":"max-video-preview:-1"},"canonical":"https:\/\/www.chemin-neuf.ch\/de\/geweihtes-leben\/","og_locale":"de_DE","og_type":"article","og_title":"Geweihtes Leben - Chemin Neuf Suisse","og_description":"Geweihte Br\u00fcder &amp; Schwestern Der Geist ist es, der das Verlangen nach einer vollkommenen Antwort weckt; er leitet das Wachstum dieses Verlangens,","og_url":"https:\/\/www.chemin-neuf.ch\/de\/geweihtes-leben\/","og_site_name":"Chemin Neuf Suisse","article_modified_time":"2021-04-17T15:34:38+00:00","og_image":[{"width":2048,"height":1366,"url":"https:\/\/www.chemin-neuf.ch\/wp-content\/uploads\/2021\/04\/chemin-neuf-vie-consacree.jpeg","type":"image\/jpeg"}],"twitter_card":"summary_large_image","twitter_misc":{"Gesch\u00e4tzte Lesezeit":"9\u00a0Minuten"},"schema":{"@context":"https:\/\/schema.org","@graph":[{"@type":"WebPage","@id":"https:\/\/www.chemin-neuf.ch\/de\/geweihtes-leben\/","url":"https:\/\/www.chemin-neuf.ch\/de\/geweihtes-leben\/","name":"Geweihtes Leben - Chemin Neuf Suisse","isPartOf":{"@id":"https:\/\/www.chemin-neuf.ch\/de\/#website"},"primaryImageOfPage":{"@id":"https:\/\/www.chemin-neuf.ch\/de\/geweihtes-leben\/#primaryimage"},"image":{"@id":"https:\/\/www.chemin-neuf.ch\/de\/geweihtes-leben\/#primaryimage"},"thumbnailUrl":"https:\/\/www.chemin-neuf.ch\/wp-content\/uploads\/2021\/04\/chemin-neuf-vie-consacree.jpeg","datePublished":"2021-04-09T13:26:21+00:00","dateModified":"2021-04-17T15:34:38+00:00","description":"Geweihte Br\u00fcder &amp; Schwestern Der Geist ist es, der das Verlangen nach einer vollkommenen Antwort weckt; er leitet das Wachstum dieses Verlangens,","breadcrumb":{"@id":"https:\/\/www.chemin-neuf.ch\/de\/geweihtes-leben\/#breadcrumb"},"inLanguage":"de","potentialAction":[{"@type":"ReadAction","target":["https:\/\/www.chemin-neuf.ch\/de\/geweihtes-leben\/"]}]},{"@type":"ImageObject","inLanguage":"de","@id":"https:\/\/www.chemin-neuf.ch\/de\/geweihtes-leben\/#primaryimage","url":"https:\/\/www.chemin-neuf.ch\/wp-content\/uploads\/2021\/04\/chemin-neuf-vie-consacree.jpeg","contentUrl":"https:\/\/www.chemin-neuf.ch\/wp-content\/uploads\/2021\/04\/chemin-neuf-vie-consacree.jpeg","width":2048,"height":1366},{"@type":"BreadcrumbList","@id":"https:\/\/www.chemin-neuf.ch\/de\/geweihtes-leben\/#breadcrumb","itemListElement":[{"@type":"ListItem","position":1,"name":"Home","item":"https:\/\/www.chemin-neuf.ch\/de\/"},{"@type":"ListItem","position":2,"name":"Geweihtes Leben"}]},{"@type":"WebSite","@id":"https:\/\/www.chemin-neuf.ch\/de\/#website","url":"https:\/\/www.chemin-neuf.ch\/de\/","name":"Chemin Neuf Suisse","description":"La Communaut\u00e9 du Chemin Neuf en Suisse","potentialAction":[{"@type":"SearchAction","target":{"@type":"EntryPoint","urlTemplate":"https:\/\/www.chemin-neuf.ch\/de\/?s={search_term_string}"},"query-input":{"@type":"PropertyValueSpecification","valueRequired":true,"valueName":"search_term_string"}}],"inLanguage":"de"}]}},"_links":{"self":[{"href":"https:\/\/www.chemin-neuf.ch\/de\/wp-json\/wp\/v2\/pages\/3315","targetHints":{"allow":["GET"]}}],"collection":[{"href":"https:\/\/www.chemin-neuf.ch\/de\/wp-json\/wp\/v2\/pages"}],"about":[{"href":"https:\/\/www.chemin-neuf.ch\/de\/wp-json\/wp\/v2\/types\/page"}],"author":[{"embeddable":true,"href":"https:\/\/www.chemin-neuf.ch\/de\/wp-json\/wp\/v2\/users\/1"}],"replies":[{"embeddable":true,"href":"https:\/\/www.chemin-neuf.ch\/de\/wp-json\/wp\/v2\/comments?post=3315"}],"version-history":[{"count":9,"href":"https:\/\/www.chemin-neuf.ch\/de\/wp-json\/wp\/v2\/pages\/3315\/revisions"}],"predecessor-version":[{"id":4435,"href":"https:\/\/www.chemin-neuf.ch\/de\/wp-json\/wp\/v2\/pages\/3315\/revisions\/4435"}],"wp:featuredmedia":[{"embeddable":true,"href":"https:\/\/www.chemin-neuf.ch\/de\/wp-json\/wp\/v2\/media\/3256"}],"wp:attachment":[{"href":"https:\/\/www.chemin-neuf.ch\/de\/wp-json\/wp\/v2\/media?parent=3315"}],"curies":[{"name":"wp","href":"https:\/\/api.w.org\/{rel}","templated":true}]}}